{"id":28,"date":"2023-05-07T13:03:41","date_gmt":"2023-05-07T13:03:41","guid":{"rendered":"https:\/\/themify.me\/demo\/themes\/ultra-agency\/?page_id=18"},"modified":"2026-08-19T17:35:49","modified_gmt":"2026-08-19T17:35:49","slug":"locutor-professional","status":"publish","type":"page","link":"https:\/\/locutoronline.net\/catala-locutor\/","title":{"rendered":"Inici"},"content":{"rendered":"<!--themify_builder_content-->\n<div id=\"themify_builder_content-28\" data-postid=\"28\" class=\"themify_builder_content themify_builder_content-28 themify_builder tf_clear\">\n                    <div  data-css_id=\"wf4v146\" data-lazy=\"1\" class=\"module_row themify_builder_row fullwidth_row_container tb_wf4v146 tb_first tf_w\" data-tbfullwidthvideo=\"https:\/\/locutoronline.net\/wp-content\/uploads\/2023\/05\/David_Morales_Locutor_Online_Castellano_Catalan_grabando.mp4\" data-playonmobile=\"play\">\n                        <div class=\"row_inner col_align_top tb_col_count_1 tf_box tf_rel\">\n                        <div  data-lazy=\"1\" class=\"module_column tb-column col-full tb_ws23147 first\">\n                    <!-- module text -->\n<div  class=\"module module-text tb_yade478   \" data-lazy=\"1\">\n        <div  class=\"tb_text_wrap\">\n        <p style=\"margin:0;text-align:center\"><span style=\"display:inline-block;background:rgba(255,255,255,.2);padding:6px 16px;font-family:Abel,sans-serif;font-size:19px;letter-spacing:3px;color:#fff;\">DAVID MORALES: LOCUTOR PROFESSIONAL<\/span><\/p>\n    <\/div>\n<\/div>\n<!-- \/module text --><!-- module typewriter -->\n<div  id=\"tb_g0n1147\" class=\"module module-typewriter tb_g0n1147 \" data-lazy=\"1\">\n\t\t\t\t<style>\n\t\t\t.tb_g0n1147 .typewriter-main-tag .typewriter-span span{margin-top:-7px;\nmargin-right:-7px;\nmargin-bottom:-7px;\nmargin-left:-7px\t\t\t}\n\t\t<\/style>\n\t\n\t\t\t<h6 class=\"typewriter-main-tag\">\n\t\t<span class=\"typewritter-text-before\">Locucions professionals <br>per a <\/span>\n\t\t<span class=\"typewriter-span\" \n\t\t\t  data-typer-targets='[&quot;publicitat&quot;,&quot;e-Learning&quot;,&quot;v\\u00eddeos&quot;,&quot;audioguies&quot;,&quot;audiollibres&quot;,&quot;p\\u00f2dcast&quot;,&quot;centraletes&quot;,&quot;TU&quot;]'\n\t\t\t  data-typer-highlight-speed=\"50\"\n\t\t\t  data-typer-type-speed=\"90\"\n\t\t\t  data-typer-clear-delay=\"1.5\"\n\t\t\t  data-typer-type-delay=\"0.2\"\n\t\t\t  data-typer-interval=\"1.5\"\n\t\t\t  data-typer-direction=\"rtl\">\n\t\t\t\t  publicitat\t\t<\/span>\n\t\t<span class=\"typewritter-text-after\"> <\/span>\n\t\t<\/h6>\n\t\t<\/div>\n<!-- \/module typewriter -->\n        <\/div>\n                        <\/div>\n        <\/div>\n                        <div  data-lazy=\"1\" class=\"module_row themify_builder_row tb_30mr290 tf_w\">\n                        <div class=\"row_inner col_align_top tb_col_count_1 tf_box tf_rel\">\n                        <div  data-lazy=\"1\" class=\"module_column tb-column col-full tb_10xv290 first\">\n                    <!-- module text -->\n<div  class=\"module module-text tb_v6dl940   \" data-lazy=\"1\">\n        <div  class=\"tb_text_wrap\">\n        <p>\u00a0<\/p>\n<h1 style=\"text-align: left;\">Locutor professional: la veu en catal\u00e0 i castell\u00e0 que dona vida als teus projectes<\/h1>\n<p style=\"text-align: left;\">Hola! Soc en David Morales Mart\u00edn, locutor professional amb una passi\u00f3: transformar les teves idees en missatges que emocionin. Des del meu estudi de gravaci\u00f3 professional, ofereixo veus en off en catal\u00e0 i castell\u00e0 per a publicitat, doblatge, e-Learning&#8230; i tot all\u00f2 que et pugui passar pel cap, o fins i tot all\u00f2 que ni tan sols podries imaginar! Per tant, els l\u00edmits els poses tu.\u00a0<\/p>\n<p style=\"text-align: left;\">El meu viatge en el m\u00f3n de la locuci\u00f3 va comen\u00e7ar quan, gaireb\u00e9 per casualitat, em van demanar que enregistr\u00e9s un missatge per a la megafonia d\u2019una cadena de comer\u00e7os. Per tant, una casualitat molt encertada. Des d\u2019aleshores, he treballat amb productores audiovisuals, ag\u00e8ncies de publicitat i empreses d\u2019arreu de Catalunya, de tot l&#8217;Estat espanyol i internacionals. Per\u00f2 sempre amb una premissa: entregar locucions professionals i de qualitat, amb rapidesa i un toc personal que les faci \u00faniques. En definitiva, ser professional.<\/p>    <\/div>\n<\/div>\n<!-- \/module text -->        <\/div>\n                        <\/div>\n        <\/div>\n                        <div  data-lazy=\"1\" class=\"module_row themify_builder_row tb_nskv619 tf_w\">\n                        <div class=\"row_inner col_align_top tb_col_count_1 tf_box tf_rel\">\n                        <div  data-lazy=\"1\" class=\"module_column tb-column col-full tb_9p1g776 first\">\n                            <div  data-lazy=\"1\" class=\"module_subrow themify_builder_sub_row tf_w col_align_top tb_col_count_2 tb_qqnl776\">\n                <div  data-lazy=\"1\" class=\"module_column sub_column tb_vwlu776 first\">\n                    <!-- module box -->\n<div  class=\"module module-box tb_wm6u776 \" data-lazy=\"1\">\n    <div class=\"module-box-content ui  tb_default_color\">\n                <div class=\"tb_text_wrap\"><p>Escolta la meva Demo reel en catal\u00e0:<\/p>\n<audio class=\"wp-audio-shortcode\" id=\"audio-28-1\" preload=\"none\" style=\"width: 100%;\" controls=\"controls\"><source type=\"audio\/mpeg\" src=\"https:\/\/locutoronline.net\/catala-locutor\/wp-content\/uploads\/2025\/05\/DAVID_MORALES__Demo_reel_generic_CAT_96.mp3?_=1\" \/><a href=\"https:\/\/locutoronline.net\/catala-locutor\/wp-content\/uploads\/2025\/05\/DAVID_MORALES__Demo_reel_generic_CAT_96.mp3\">https:\/\/locutoronline.net\/catala-locutor\/wp-content\/uploads\/2025\/05\/DAVID_MORALES__Demo_reel_generic_CAT_96.mp3<\/a><\/audio><\/div>\n    <\/div>\n<\/div>\n<!-- \/module box -->\n<!-- module buttons -->\n<div  class=\"module module-buttons tb_bgzv849 buttons-horizontal outline  large squared wow\" data-tf-animation=\"slideInLeft\" data-lazy=\"1\">\n        <div class=\"module-buttons-item tf_in_flx\">\n                        <a href=\"https:\/\/locutoronline.net\/catala-locutor\/locutor-online\/\" class=\"ui builder_button tf_in_flx blue\" >\n                                                Escolta m\u00e9s demos de locutor professional catal\u00e0                                        <\/a>\n                <\/div>\n            <\/div>\n<!-- \/module buttons -->\n        <\/div>\n                    <div  data-lazy=\"1\" class=\"module_column sub_column tb_hi1e776 last\">\n                    <!-- module box -->\n<div  class=\"module module-box tb_vcht776 \" data-lazy=\"1\">\n    <div class=\"module-box-content ui  tb_default_color\">\n                <div class=\"tb_text_wrap\"><p>Escolta la meva Demo reel en castell\u00e0:<\/p>\n<audio class=\"wp-audio-shortcode\" id=\"audio-28-2\" preload=\"none\" style=\"width: 100%;\" controls=\"controls\"><source type=\"audio\/mpeg\" src=\"https:\/\/locutoronline.net\/catala-locutor\/wp-content\/uploads\/2025\/05\/DAVID_MORALES__Demo_reel_generico_CAST_96.mp3?_=2\" \/><a href=\"https:\/\/locutoronline.net\/catala-locutor\/wp-content\/uploads\/2025\/05\/DAVID_MORALES__Demo_reel_generico_CAST_96.mp3\">https:\/\/locutoronline.net\/catala-locutor\/wp-content\/uploads\/2025\/05\/DAVID_MORALES__Demo_reel_generico_CAST_96.mp3<\/a><\/audio><\/div>\n    <\/div>\n<\/div>\n<!-- \/module box -->\n<!-- module buttons -->\n<div  class=\"module module-buttons tb_w24d810 buttons-horizontal outline  large squared wow\" data-tf-animation=\"slideInLeft\" data-lazy=\"1\">\n        <div class=\"module-buttons-item tf_in_flx\">\n                        <a href=\"https:\/\/locutoronline.net\/catala-locutor\/locutor-online\/\" class=\"ui builder_button tf_in_flx blue\" >\n                                                Escolta m\u00e9s demos de locutor professional catal\u00e0                                        <\/a>\n                <\/div>\n            <\/div>\n<!-- \/module buttons -->\n        <\/div>\n                    <\/div>\n                <div  data-lazy=\"1\" class=\"module_subrow themify_builder_sub_row tf_w col_align_top tb_col_count_2 tb_j82k840\">\n                <div  data-lazy=\"1\" class=\"module_column sub_column tb_gs8r840 first\">\n                    <!-- module box -->\n<div  class=\"module module-box tb_zrny840 \" data-lazy=\"1\">\n    <div class=\"module-box-content ui  tb_default_color\">\n                <div class=\"tb_text_wrap\"><p>Mira un dels meus \u00faltims v\u00eddeos amb locuci\u00f3 en catal\u00e0:<\/p>\n<div style=\"width: 720px;\" class=\"wp-video\"><video class=\"wp-video-shortcode\" id=\"video-28-1\" width=\"720\" height=\"480\" preload=\"metadata\" controls=\"controls\"><source type=\"video\/mp4\" src=\"https:\/\/locutoronline.net\/catala-locutor\/wp-content\/uploads\/2026\/07\/Spot_Cremette.mp4?_=1\" \/><a href=\"https:\/\/locutoronline.net\/catala-locutor\/wp-content\/uploads\/2026\/07\/Spot_Cremette.mp4\">https:\/\/locutoronline.net\/catala-locutor\/wp-content\/uploads\/2026\/07\/Spot_Cremette.mp4<\/a><\/video><\/div><\/div>\n    <\/div>\n<\/div>\n<!-- \/module box -->\n<!-- module buttons -->\n<div  class=\"module module-buttons tb_79s0841 buttons-horizontal outline  large squared wow\" data-tf-animation=\"slideInLeft\" data-lazy=\"1\">\n        <div class=\"module-buttons-item tf_in_flx\">\n                        <a href=\"https:\/\/locutoronline.net\/catala-locutor\/locutor-espanyol\/\" class=\"ui builder_button tf_in_flx blue\" >\n                                                Mira m\u00e9s mostres de locutor professional catal\u00e0                                        <\/a>\n                <\/div>\n            <\/div>\n<!-- \/module buttons -->\n        <\/div>\n                    <div  data-lazy=\"1\" class=\"module_column sub_column tb_xpop841 last\">\n                    <!-- module box -->\n<div  class=\"module module-box tb_qx70841 \" data-lazy=\"1\">\n    <div class=\"module-box-content ui  tb_default_color\">\n                <div class=\"tb_text_wrap\"><p>Mira un dels meus \u00faltims v\u00eddeos amb locuci\u00f3 en castell\u00e0:<\/p>\n<div style=\"width: 720px;\" class=\"wp-video\"><video class=\"wp-video-shortcode\" id=\"video-28-2\" width=\"720\" height=\"480\" preload=\"metadata\" controls=\"controls\"><source type=\"video\/mp4\" src=\"https:\/\/locutoronline.net\/catala-locutor\/wp-content\/uploads\/2025\/05\/Spot_Cast_Ariel_Manchas.mp4?_=2\" \/><a href=\"https:\/\/locutoronline.net\/catala-locutor\/wp-content\/uploads\/2025\/05\/Spot_Cast_Ariel_Manchas.mp4\">https:\/\/locutoronline.net\/catala-locutor\/wp-content\/uploads\/2025\/05\/Spot_Cast_Ariel_Manchas.mp4<\/a><\/video><\/div><\/div>\n    <\/div>\n<\/div>\n<!-- \/module box -->\n<!-- module buttons -->\n<div  class=\"module module-buttons tb_bfyf841 buttons-horizontal outline  large squared wow\" data-tf-animation=\"slideInLeft\" data-lazy=\"1\">\n        <div class=\"module-buttons-item tf_in_flx\">\n                        <a href=\"https:\/\/locutoronline.net\/catala-locutor\/locutor-espanyol\/\" class=\"ui builder_button tf_in_flx blue\" >\n                                                Mira m\u00e9s mostres de locutor professional castell\u00e0                                        <\/a>\n                <\/div>\n            <\/div>\n<!-- \/module buttons -->\n        <\/div>\n                    <\/div>\n                <\/div>\n                        <\/div>\n        <\/div>\n                        <div  data-lazy=\"1\" class=\"module_row themify_builder_row tb_a8ok455 tf_w\">\n                        <div class=\"row_inner col_align_top tb_col_count_1 tf_box tf_rel\">\n                        <div  data-lazy=\"1\" class=\"module_column tb-column col-full tb_pgvq456 first\">\n                    <!-- module text -->\n<div  class=\"module module-text tb_211f456   \" data-lazy=\"1\">\n        <div  class=\"tb_text_wrap\">\n        <p style=\"text-align: center;\"><img loading=\"lazy\" decoding=\"async\" class=\"alignnone wp-image-738 size-medium\" src=\"https:\/\/locutoronline.net\/catala-locutor\/wp-content\/uploads\/2025\/05\/OVAUSA24_Nominee-Badge_Oval-Badge-Dark-1-300x191.webp\" alt=\"David Morales - Locutor professional catal\u00e0 i castell\u00e0 - Nominat One Voice Awards 2024\" width=\"300\" height=\"191\" srcset=\"https:\/\/locutoronline.net\/catala-locutor\/wp-content\/uploads\/2025\/05\/OVAUSA24_Nominee-Badge_Oval-Badge-Dark-1-300x191.webp 300w, https:\/\/locutoronline.net\/catala-locutor\/wp-content\/uploads\/2025\/05\/OVAUSA24_Nominee-Badge_Oval-Badge-Dark-1-1024x653.webp 1024w, https:\/\/locutoronline.net\/catala-locutor\/wp-content\/uploads\/2025\/05\/OVAUSA24_Nominee-Badge_Oval-Badge-Dark-1-768x490.webp 768w, https:\/\/locutoronline.net\/catala-locutor\/wp-content\/uploads\/2025\/05\/OVAUSA24_Nominee-Badge_Oval-Badge-Dark-1.webp 1402w\" sizes=\"auto, (max-width: 300px) 100vw, 300px\" \/><\/p>\n<h2 style=\"text-align: left;\">Serveis de locuci\u00f3 i veu en off que connecten amb la teva audi\u00e8ncia<\/h2>\n<p style=\"text-align: left;\">Necessites un locutor professional que destaqui? Els meus serveis estan pensats, entre d&#8217;altres, per a productores, ag\u00e8ncies i empreses que busquen qualitat i versatilitat. D&#8217;aquesta manera, perqu\u00e8 et facis una idea d&#8217;alguns serveis que ofereixo:<\/p>\n<ul>\n<li style=\"text-align: left;\"><strong>Publicitat<\/strong>: per exemple, des de la cl\u00e0ssica veu dels anuncis a la tele o la r\u00e0dio, fins a aquell estil m\u00e9s actual de \u201cque no soni a locutor\u201d per a xarxes socials i la publicitat d\u2019avui dia.<\/li>\n<li style=\"text-align: left;\"><strong>Doblatge<\/strong>: personatges aut\u00e8ntics per a pel\u00b7l\u00edcules, s\u00e8ries o videojocs.<\/li>\n<li style=\"text-align: left;\"><strong>e-Learning i corporatius<\/strong>: narracions clares per a formaci\u00f3 i v\u00eddeos empresarials&#8230;<\/li>\n<\/ul>\n<p style=\"text-align: left;\"><strong>\u00a1I molt m\u00e9s!<\/strong><\/p>\n<h2 style=\"text-align: left;\">Veu humana Vs IA?<\/h2>\n<p>S\u00ed. Ho s\u00e9. Tothom parla avui dia de la IA, de les veus artificials, de les veus generades amb intel\u00b7lig\u00e8ncia artificial\u2026<\/p>\n<p>Per\u00f2 la ci\u00e8ncia t\u00e9 alguna cosa a dir. El Media Psychology Lab de la Universitat Pompeu Fabra, liderat per la investigadora Emma Rodero, va comparar mitjan\u00e7ant an\u00e0lisis neurocient\u00edfiques l&#8217;impacte de les veus humanes i les sint\u00e8tiques en un estudi publicat a la revista New Media &amp; Society. El resultat? Les veus humanes capten m\u00e9s l&#8217;atenci\u00f3 dels oients i generen un impacte emocional significativament m\u00e9s gran en el sistema nervi\u00f3s. Amb una veu humana recordem millor els continguts i creem m\u00e9s imatges mentals. Les veus sint\u00e8tiques, en canvi, generen rebuig en l&#8217;usuari. \u00c9s el que Rodero anomena l'\u00bbefecte d&#8217;intimitat emocional humana\u00bb: una veu humana connecta amb el cervell emocional; una veu artificial, no.<\/p>\n<p>En conclusi\u00f3: les veus d&#8217;IA no ens fan el pes.<\/p>\n<p>Per tant, qu\u00e8 et puc dir? S\u00f3c un locutor professional, hum\u00e0, i des del meu estudi de gravaci\u00f3 equipat amb tecnologia d&#8217;alta gamma \u2014i amb els recursos que donen m\u00e9s de 20 anys d&#8217;experi\u00e8ncia\u2014 puc fer que el teu projecte passi d&#8217;un \u00abB\u00e9\u2026 est\u00e0 b\u00e9\u2026\u00bb a un \u00abUau!\u00bb.<\/p>\n<p>Per \u00faltim, dir-te que el meu proc\u00e9s \u00e9s \u00e0gil: m&#8217;expliques el teu projecte, gravo la veu en off i la reps llesta per fer servir en 24-48 hores\u2026 F\u00e0cil, no?<\/p>    <\/div>\n<\/div>\n<!-- \/module text -->        <\/div>\n                        <\/div>\n        <\/div>\n                        <div  data-css_id=\"5hsi32\" data-lazy=\"1\" class=\"module_row themify_builder_row fullwidth tb_5hsi32 tf_w\">\n                        <div class=\"row_inner col_align_top gutter-none tb_col_count_2 tf_box tf_rel\">\n                        <div  data-lazy=\"1\" class=\"module_column tb-column col3-1 tb_rjgh51 first\">\n        <span  class=\"builder_row_cover tf_abs\" data-lazy=\"1\"><\/span>                    <\/div>\n                    <div  data-lazy=\"1\" class=\"module_column tb-column col3-2 tb_u1lf51 last\">\n                    <!-- module text -->\n<div  class=\"module module-text tb_8h0d51   \" data-lazy=\"1\">\n        <div  class=\"tb_text_wrap\">\n        <h2>Com puc ajudar-te?<\/h2>\n<p>T&#8217;ofereixo una \u00e0mplia experi\u00e8ncia treballant com a locutor professional, tant en catal\u00e0 com en castell\u00e0.<\/p>    <\/div>\n<\/div>\n<!-- \/module text --><!-- module progress bar -->\n<div  class=\"module module-progressbar tb_i1m6840 \" data-lazy=\"1\">\n\t\t\t\t<div class=\"tb-progress-bar-wrap\">\n\t\t\t\t\t\t\t\t\t\t\t<div class=\"tb-progress-bar tf_textl tf_rel\">\n\t\t\t\t\t<i class=\"tb-progress-bar-label tf_w\">Estudi de gravaci\u00f3 insonoritzat<\/i>\n\t\t\t\t\t<span class=\"tb-progress-bar-bg\" data-percent=\"90\" style=\"width:0;background-color:#b3b3b3\">\n\t\t\t\t\t\t\t\t\t\t\t\t\t<span class=\"tb-progress-tooltip tf_textr\" data-to=\"\" data-suffix=\" \u2713\"><\/span>\n\t\t\t\t\t\t\t\t\t\t\t<\/span>\n\t\t\t\t<\/div><!-- .tb-progress-bar -->\n\t\t\t\t\t\t\t\t\t\t\t<div class=\"tb-progress-bar tf_textl tf_rel\">\n\t\t\t\t\t<i class=\"tb-progress-bar-label tf_w\">Equipament de qualitat professional<\/i>\n\t\t\t\t\t<span class=\"tb-progress-bar-bg\" data-percent=\"90\" style=\"width:0;background-color:#b3b3b3\">\n\t\t\t\t\t\t\t\t\t\t\t\t\t<span class=\"tb-progress-tooltip tf_textr\" data-to=\"\" data-suffix=\" \u2713\"><\/span>\n\t\t\t\t\t\t\t\t\t\t\t<\/span>\n\t\t\t\t<\/div><!-- .tb-progress-bar -->\n\t\t\t\t\t\t\t\t\t\t\t<div class=\"tb-progress-bar tf_textl tf_rel\">\n\t\t\t\t\t<i class=\"tb-progress-bar-label tf_w\">Sessions dirigides en remot<\/i>\n\t\t\t\t\t<span class=\"tb-progress-bar-bg\" data-percent=\"90\" style=\"width:0;background-color:#b3b3b3\">\n\t\t\t\t\t\t\t\t\t\t\t\t\t<span class=\"tb-progress-tooltip tf_textr\" data-to=\"\" data-suffix=\" \u2713\"><\/span>\n\t\t\t\t\t\t\t\t\t\t\t<\/span>\n\t\t\t\t<\/div><!-- .tb-progress-bar -->\n\t\t\t\t\t\t\t\t\t\t\t<div class=\"tb-progress-bar tf_textl tf_rel\">\n\t\t\t\t\t<i class=\"tb-progress-bar-label tf_w\">Gravacions express: 24\/48 hores<\/i>\n\t\t\t\t\t<span class=\"tb-progress-bar-bg\" data-percent=\"90\" style=\"width:0;background-color:#b3b3b3\">\n\t\t\t\t\t\t\t\t\t\t\t\t\t<span class=\"tb-progress-tooltip tf_textr\" data-to=\"\" data-suffix=\" \u2713\"><\/span>\n\t\t\t\t\t\t\t\t\t\t\t<\/span>\n\t\t\t\t<\/div><!-- .tb-progress-bar -->\n\t\t\t\t\t\t\t\t\t\t\t<div class=\"tb-progress-bar tf_textl tf_rel\">\n\t\t\t\t\t<i class=\"tb-progress-bar-label tf_w\">De la idea al producte acabat<\/i>\n\t\t\t\t\t<span class=\"tb-progress-bar-bg\" data-percent=\"90\" style=\"width:0;background-color:#b3b3b3\">\n\t\t\t\t\t\t\t\t\t\t\t\t\t<span class=\"tb-progress-tooltip tf_textr\" data-to=\"\" data-suffix=\" \u2713\"><\/span>\n\t\t\t\t\t\t\t\t\t\t\t<\/span>\n\t\t\t\t<\/div><!-- .tb-progress-bar -->\n\t\t\t\t\t<\/div><!-- .tb-progress-bar-wrap -->\n\t\t<\/div>\n<!-- \/module progress bar -->\n        <\/div>\n                        <\/div>\n        <\/div>\n                        <div  data-lazy=\"1\" class=\"module_row themify_builder_row tb_wmc296 tf_w\">\n                        <div class=\"row_inner col_align_top tb_col_count_1 tf_box tf_rel\">\n                        <div  data-lazy=\"1\" class=\"module_column tb-column col-full tb_eeqf55 first\">\n                            <div  data-lazy=\"1\" class=\"module_subrow themify_builder_sub_row tf_w col_align_top tb_col_count_1 tb_1fpj55\">\n                <div  data-lazy=\"1\" class=\"module_column sub_column col-full tb_wyxv56 first\">\n                    <!-- module text -->\n<div  class=\"module module-text tb_u16656   \" data-lazy=\"1\">\n        <div  class=\"tb_text_wrap\">\n        <h6>\u00a0<\/h6>    <\/div>\n<\/div>\n<!-- \/module text -->        <\/div>\n                    <\/div>\n                <\/div>\n                        <\/div>\n        <\/div>\n                        <div  data-lazy=\"1\" class=\"module_row themify_builder_row tb_3pxq31 tf_w\">\n                        <div class=\"row_inner col_align_top tb_col_count_3 tf_box tf_rel\">\n                        <div  data-lazy=\"1\" class=\"module_column tb-column col3-1 tb_43mi38 first\">\n                    <!-- module feature -->\n<div  class=\"module module-feature tb_qc9q39 with-chart layout-icon-top size-medium  wow\" data-tf-animation=\"zoomIn\" data-layout-mobile=\"icon-top\" data-layout-desktop=\"icon-top\" data-lazy=\"1\">\n        <div class=\"module-feature-image tf_textc tf_rel\">\n                            <span class=\"module-feature-chart-html5 tf_box tf_rel tf_inline_b\">\n                                    <svg class=\"tf_abs tf_w tf_h\">\n                    <circle class=\"tb_feature_fill\" r=\"calc(50% - 1.00px)\" cx=\"50%\" cy=\"50%\" stroke-width=\"2\"\/>\n                    <circle class=\"tb_feature_stroke\" r=\"calc(50% - 1.00px)\" cx=\"50%\" cy=\"50%\" stroke=\"#23c3d1\" stroke-width=\"2\" data-progress=\"100\" stroke-dasharray=\"0,10000\"\/>\n                                        <\/svg>\n                                <span class=\"chart-html5-circle tf_w tf_h\">\n                                            <em class=\"module-feature-icon tf_rel\" style=\"color:#000\"><svg  class=\"tf_fa tf-ti-microphone\" xmlns:xlink=\"http:\/\/www.w3.org\/1999\/xlink\" aria-hidden=\"true\"><use href=\"#tf-ti-microphone\" xlink:href=\"#tf-ti-microphone\"><\/use><\/svg><\/em>\n                                    <\/span>\n\n                \n            <\/span>\n                <\/div>\n    <div class=\"module-feature-content tf_textc\">\n                    <h3 class=\"module-feature-title\">\n                            Publicitat                        <\/h3>\n                    <div class=\"tb_text_wrap\">\n            <p><a href=\"https:\/\/locutoronline.net\/catala-locutor\/locutor-per-a-publicitat\/\">Publi<\/a> en <a href=\"https:\/\/locutoronline.net\/catala-locutor\/locutor-spots-de-televisio\/\">Spots de TV<\/a> i <a href=\"https:\/\/locutoronline.net\/catala-locutor\/falques-de-radio\/\">falques de R\u00e0dio<\/a>. Nacional, regional, local o per a <a href=\"https:\/\/locutoronline.net\/catala-locutor\/anuncis-de-internet\/\">Internet<\/a>.\u00a0<\/p>        <\/div>\n    <\/div>\n<\/div>\n<!-- \/module feature -->\n        <\/div>\n                    <div  data-lazy=\"1\" class=\"module_column tb-column col3-1 tb_rsip39\">\n                    <!-- module feature -->\n<div  class=\"module module-feature tb_e4cj39 with-chart layout-icon-top size-medium  wow\" data-tf-animation=\"zoomIn\" data-layout-mobile=\"icon-top\" data-layout-desktop=\"icon-top\" data-lazy=\"1\">\n        <div class=\"module-feature-image tf_textc tf_rel\">\n                            <span class=\"module-feature-chart-html5 tf_box tf_rel tf_inline_b\">\n                                    <svg class=\"tf_abs tf_w tf_h\">\n                    <circle class=\"tb_feature_fill\" r=\"calc(50% - 1.00px)\" cx=\"50%\" cy=\"50%\" stroke-width=\"2\"\/>\n                    <circle class=\"tb_feature_stroke\" r=\"calc(50% - 1.00px)\" cx=\"50%\" cy=\"50%\" stroke=\"#23c3d1\" stroke-width=\"2\" data-progress=\"100\" stroke-dasharray=\"0,10000\"\/>\n                                        <\/svg>\n                                <span class=\"chart-html5-circle tf_w tf_h\">\n                                            <em class=\"module-feature-icon tf_rel\" style=\"color:#000\"><svg  class=\"tf_fa tf-ti-blackboard\" xmlns:xlink=\"http:\/\/www.w3.org\/1999\/xlink\" aria-hidden=\"true\"><use href=\"#tf-ti-blackboard\" xlink:href=\"#tf-ti-blackboard\"><\/use><\/svg><\/em>\n                                    <\/span>\n\n                \n            <\/span>\n                <\/div>\n    <div class=\"module-feature-content tf_textc\">\n                    <h3 class=\"module-feature-title\">\n                            e-Learning                        <\/h3>\n                    <div class=\"tb_text_wrap\">\n            <p>T&#8217;ofereixo una veu humana professional, propera. He enregistrat locucions en catal\u00e0 i castell\u00e0 per a m\u00e9s de 400 projectes de <a href=\"https:\/\/locutoronline.net\/catala-locutor\/locutor-per-a-elearning\/\">formaci\u00f3 online<\/a>.<\/p>        <\/div>\n    <\/div>\n<\/div>\n<!-- \/module feature -->\n        <\/div>\n                    <div  data-lazy=\"1\" class=\"module_column tb-column col3-1 tb_klah39 last\">\n                    <!-- module feature -->\n<div  class=\"module module-feature tb_w7fx39 with-chart layout-icon-top size-medium  wow\" data-tf-animation=\"zoomIn\" data-layout-mobile=\"icon-top\" data-layout-desktop=\"icon-top\" data-lazy=\"1\">\n        <div class=\"module-feature-image tf_textc tf_rel\">\n                            <span class=\"module-feature-chart-html5 tf_box tf_rel tf_inline_b\">\n                                    <svg class=\"tf_abs tf_w tf_h\">\n                    <circle class=\"tb_feature_fill\" r=\"calc(50% - 1.00px)\" cx=\"50%\" cy=\"50%\" stroke-width=\"2\"\/>\n                    <circle class=\"tb_feature_stroke\" r=\"calc(50% - 1.00px)\" cx=\"50%\" cy=\"50%\" stroke=\"#23c3d1\" stroke-width=\"2\" data-progress=\"100\" stroke-dasharray=\"0,10000\"\/>\n                                        <\/svg>\n                                <span class=\"chart-html5-circle tf_w tf_h\">\n                                            <em class=\"module-feature-icon tf_rel\" style=\"color:#000\"><svg  class=\"tf_fa tf-ti-video-clapper\" xmlns:xlink=\"http:\/\/www.w3.org\/1999\/xlink\" aria-hidden=\"true\"><use href=\"#tf-ti-video-clapper\" xlink:href=\"#tf-ti-video-clapper\"><\/use><\/svg><\/em>\n                                    <\/span>\n\n                \n            <\/span>\n                <\/div>\n    <div class=\"module-feature-content tf_textc\">\n                    <h3 class=\"module-feature-title\">\n                            Doblatge i Voice Over                        <\/h3>\n                    <div class=\"tb_text_wrap\">\n            <p>Com a <a href=\"https:\/\/locutoronline.net\/catala-locutor\/doblatge-i-voice-over\/\">narrador o personatges<\/a>. Puc interpretar els diferents rols i adaptar-me a les necessitats del projecte.<\/p>        <\/div>\n    <\/div>\n<\/div>\n<!-- \/module feature -->\n        <\/div>\n                        <\/div>\n        <\/div>\n                        <div  data-lazy=\"1\" class=\"module_row themify_builder_row tb_c9dv131 tf_w\">\n                        <div class=\"row_inner col_align_top tb_col_count_3 tf_box tf_rel\">\n                        <div  data-lazy=\"1\" class=\"module_column tb-column col3-1 tb_9r8r132 first\">\n                    <!-- module feature -->\n<div  class=\"module module-feature tb_0i99133 with-chart layout-icon-top size-medium  wow\" data-tf-animation=\"zoomIn\" data-layout-mobile=\"icon-top\" data-layout-desktop=\"icon-top\" data-lazy=\"1\">\n        <div class=\"module-feature-image tf_textc tf_rel\">\n                            <span class=\"module-feature-chart-html5 tf_box tf_rel tf_inline_b\">\n                                    <svg class=\"tf_abs tf_w tf_h\">\n                    <circle class=\"tb_feature_fill\" r=\"calc(50% - 1.00px)\" cx=\"50%\" cy=\"50%\" stroke-width=\"2\"\/>\n                    <circle class=\"tb_feature_stroke\" r=\"calc(50% - 1.00px)\" cx=\"50%\" cy=\"50%\" stroke=\"#23c3d1\" stroke-width=\"2\" data-progress=\"100\" stroke-dasharray=\"0,10000\"\/>\n                                        <\/svg>\n                                <span class=\"chart-html5-circle tf_w tf_h\">\n                                            <em class=\"module-feature-icon tf_rel\" style=\"color:#000\"><svg  class=\"tf_fa tf-ti-video-camera\" xmlns:xlink=\"http:\/\/www.w3.org\/1999\/xlink\" aria-hidden=\"true\"><use href=\"#tf-ti-video-camera\" xlink:href=\"#tf-ti-video-camera\"><\/use><\/svg><\/em>\n                                    <\/span>\n\n                \n            <\/span>\n                <\/div>\n    <div class=\"module-feature-content tf_textc\">\n                    <h3 class=\"module-feature-title\">\n                            V\u00eddeos                        <\/h3>\n                    <div class=\"tb_text_wrap\">\n            <p><a href=\"https:\/\/locutoronline.net\/catala-locutor\/locutor-per-a-videos-corporatius\/\">Interns, corporatius<\/a>, <a href=\"https:\/\/locutoronline.net\/catala-locutor\/videos-explicatius\/\">explicatius<\/a>, per a <a href=\"https:\/\/locutoronline.net\/catala-locutor\/creador-de-veu-per-a-videos\/\">xarxes socials com Youtube, TikTok, Facebook o Instagram<\/a>&#8230; la meva veu s&#8217;adapta a cada format.\u00a0<\/p>        <\/div>\n    <\/div>\n<\/div>\n<!-- \/module feature -->\n        <\/div>\n                    <div  data-lazy=\"1\" class=\"module_column tb-column col3-1 tb_nxcs134\">\n                    <!-- module feature -->\n<div  class=\"module module-feature tb_h5dc134 with-chart layout-icon-top size-medium  wow\" data-tf-animation=\"zoomIn\" data-layout-mobile=\"icon-top\" data-layout-desktop=\"icon-top\" data-lazy=\"1\">\n        <div class=\"module-feature-image tf_textc tf_rel\">\n                            <span class=\"module-feature-chart-html5 tf_box tf_rel tf_inline_b\">\n                                    <svg class=\"tf_abs tf_w tf_h\">\n                    <circle class=\"tb_feature_fill\" r=\"calc(50% - 1.00px)\" cx=\"50%\" cy=\"50%\" stroke-width=\"2\"\/>\n                    <circle class=\"tb_feature_stroke\" r=\"calc(50% - 1.00px)\" cx=\"50%\" cy=\"50%\" stroke=\"#23c3d1\" stroke-width=\"2\" data-progress=\"100\" stroke-dasharray=\"0,10000\"\/>\n                                        <\/svg>\n                                <span class=\"chart-html5-circle tf_w tf_h\">\n                                            <em class=\"module-feature-icon tf_rel\" style=\"color:#000\"><svg  class=\"tf_fa tf-ti-headphone\" xmlns:xlink=\"http:\/\/www.w3.org\/1999\/xlink\" aria-hidden=\"true\"><use href=\"#tf-ti-headphone\" xlink:href=\"#tf-ti-headphone\"><\/use><\/svg><\/em>\n                                    <\/span>\n\n                \n            <\/span>\n                <\/div>\n    <div class=\"module-feature-content tf_textc\">\n                    <h3 class=\"module-feature-title\">\n                            Audioguia                        <\/h3>\n                    <div class=\"tb_text_wrap\">\n            <p>Una veu humana real, amable, que <a href=\"https:\/\/locutoronline.net\/catala-locutor\/locutor-de-audioguies\/\">guia els visitants<\/a> per les teves instal\u00b7lacions i els explica a cau d&#8217;orella hist\u00f2ries incre\u00efbles.<\/p>        <\/div>\n    <\/div>\n<\/div>\n<!-- \/module feature -->\n        <\/div>\n                    <div  data-lazy=\"1\" class=\"module_column tb-column col3-1 tb_zkjd136 last\">\n                    <!-- module feature -->\n<div  class=\"module module-feature tb_y3yv137 with-chart layout-icon-top size-medium  wow\" data-tf-animation=\"zoomIn\" data-layout-mobile=\"icon-top\" data-layout-desktop=\"icon-top\" data-lazy=\"1\">\n        <div class=\"module-feature-image tf_textc tf_rel\">\n                            <span class=\"module-feature-chart-html5 tf_box tf_rel tf_inline_b\">\n                                    <svg class=\"tf_abs tf_w tf_h\">\n                    <circle class=\"tb_feature_fill\" r=\"calc(50% - 1.00px)\" cx=\"50%\" cy=\"50%\" stroke-width=\"2\"\/>\n                    <circle class=\"tb_feature_stroke\" r=\"calc(50% - 1.00px)\" cx=\"50%\" cy=\"50%\" stroke=\"#23c3d1\" stroke-width=\"2\" data-progress=\"100\" stroke-dasharray=\"0,10000\"\/>\n                                        <\/svg>\n                                <span class=\"chart-html5-circle tf_w tf_h\">\n                                            <em class=\"module-feature-icon tf_rel\" style=\"color:#000\"><svg  class=\"tf_fa tf-ti-book\" xmlns:xlink=\"http:\/\/www.w3.org\/1999\/xlink\" aria-hidden=\"true\"><use href=\"#tf-ti-book\" xlink:href=\"#tf-ti-book\"><\/use><\/svg><\/em>\n                                    <\/span>\n\n                \n            <\/span>\n                <\/div>\n    <div class=\"module-feature-content tf_textc\">\n                    <h3 class=\"module-feature-title\">\n                            Audiollibre                        <\/h3>\n                    <div class=\"tb_text_wrap\">\n            <p>He posat veu a <a href=\"https:\/\/locutoronline.net\/catala-locutor\/narrador-de-audiollibres\/\">audiollibres<\/a> de diferents editorials i plataformes especialitzades. Novel\u00b7la, t\u00e8cnic o assaig.<\/p>        <\/div>\n    <\/div>\n<\/div>\n<!-- \/module feature -->\n        <\/div>\n                        <\/div>\n        <\/div>\n                        <div  data-lazy=\"1\" class=\"module_row themify_builder_row tb_gq3j215 tf_w\">\n                        <div class=\"row_inner col_align_top tb_col_count_3 tf_box tf_rel\">\n                        <div  data-lazy=\"1\" class=\"module_column tb-column col3-1 tb_pq03223 first\">\n                    <!-- module feature -->\n<div  class=\"module module-feature tb_a0fx227 with-chart layout-icon-top size-medium  wow\" data-tf-animation=\"zoomIn\" data-layout-mobile=\"icon-top\" data-layout-desktop=\"icon-top\" data-lazy=\"1\">\n        <div class=\"module-feature-image tf_textc tf_rel\">\n                            <span class=\"module-feature-chart-html5 tf_box tf_rel tf_inline_b\">\n                                    <svg class=\"tf_abs tf_w tf_h\">\n                    <circle class=\"tb_feature_fill\" r=\"calc(50% - 1.00px)\" cx=\"50%\" cy=\"50%\" stroke-width=\"2\"\/>\n                    <circle class=\"tb_feature_stroke\" r=\"calc(50% - 1.00px)\" cx=\"50%\" cy=\"50%\" stroke=\"#23c3d1\" stroke-width=\"2\" data-progress=\"100\" stroke-dasharray=\"0,10000\"\/>\n                                        <\/svg>\n                                <span class=\"chart-html5-circle tf_w tf_h\">\n                                            <em class=\"module-feature-icon tf_rel\" style=\"color:#000\"><svg  class=\"tf_fa tf-ti-mobile\" xmlns:xlink=\"http:\/\/www.w3.org\/1999\/xlink\" aria-hidden=\"true\"><use href=\"#tf-ti-mobile\" xlink:href=\"#tf-ti-mobile\"><\/use><\/svg><\/em>\n                                    <\/span>\n\n                \n            <\/span>\n                <\/div>\n    <div class=\"module-feature-content tf_textc\">\n                    <h3 class=\"module-feature-title\">\n                            Centraletes                        <\/h3>\n                    <div class=\"tb_text_wrap\">\n            <p>Ofereix una imatge professional de l&#8217;empresa amb una veu corporativa humana real pels missatges en catal\u00e0, castell\u00e0, o angl\u00e8s de la teva <a href=\"https:\/\/locutoronline.net\/catala-locutor\/locutor-per-a-centraleta\/\">centraleta telef\u00f2nica<\/a>.<\/p>        <\/div>\n    <\/div>\n<\/div>\n<!-- \/module feature -->\n        <\/div>\n                    <div  data-lazy=\"1\" class=\"module_column tb-column col3-1 tb_5bgs229\">\n                    <!-- module feature -->\n<div  class=\"module module-feature tb_7ogr231 with-chart layout-icon-top size-medium  wow\" data-tf-animation=\"zoomIn\" data-layout-mobile=\"icon-top\" data-layout-desktop=\"icon-top\" data-lazy=\"1\">\n        <div class=\"module-feature-image tf_textc tf_rel\">\n                            <span class=\"module-feature-chart-html5 tf_box tf_rel tf_inline_b\">\n                                    <svg class=\"tf_abs tf_w tf_h\">\n                    <circle class=\"tb_feature_fill\" r=\"calc(50% - 1.00px)\" cx=\"50%\" cy=\"50%\" stroke-width=\"2\"\/>\n                    <circle class=\"tb_feature_stroke\" r=\"calc(50% - 1.00px)\" cx=\"50%\" cy=\"50%\" stroke=\"#23c3d1\" stroke-width=\"2\" data-progress=\"100\" stroke-dasharray=\"0,10000\"\/>\n                                        <\/svg>\n                                <span class=\"chart-html5-circle tf_w tf_h\">\n                                            <em class=\"module-feature-icon tf_rel\" style=\"color:#000\"><svg  class=\"tf_fa tf-ti-announcement\" xmlns:xlink=\"http:\/\/www.w3.org\/1999\/xlink\" aria-hidden=\"true\"><use href=\"#tf-ti-announcement\" xlink:href=\"#tf-ti-announcement\"><\/use><\/svg><\/em>\n                                    <\/span>\n\n                \n            <\/span>\n                <\/div>\n    <div class=\"module-feature-content tf_textc\">\n                    <h3 class=\"module-feature-title\">\n                            Megafonies                        <\/h3>\n                    <div class=\"tb_text_wrap\">\n            <p><a href=\"https:\/\/locutoronline.net\/catala-locutor\/locutor-per-a-megafonia\/\">Locucions comercials en catal\u00e0 o castell\u00e0 per a establiments<\/a>; veu institucional per a esdeveniments, o per a presentacions en p\u00fablic.<\/p>        <\/div>\n    <\/div>\n<\/div>\n<!-- \/module feature -->\n        <\/div>\n                    <div  data-lazy=\"1\" class=\"module_column tb-column col3-1 tb_ry27232 last\">\n                    <!-- module feature -->\n<div  class=\"module module-feature tb_y77l233 with-chart layout-icon-top size-medium  wow\" data-tf-animation=\"zoomIn\" data-layout-mobile=\"icon-top\" data-layout-desktop=\"icon-top\" data-lazy=\"1\">\n        <div class=\"module-feature-image tf_textc tf_rel\">\n                            <span class=\"module-feature-chart-html5 tf_box tf_rel tf_inline_b\">\n                                    <svg class=\"tf_abs tf_w tf_h\">\n                    <circle class=\"tb_feature_fill\" r=\"calc(50% - 1.00px)\" cx=\"50%\" cy=\"50%\" stroke-width=\"2\"\/>\n                    <circle class=\"tb_feature_stroke\" r=\"calc(50% - 1.00px)\" cx=\"50%\" cy=\"50%\" stroke=\"#23c3d1\" stroke-width=\"2\" data-progress=\"100\" stroke-dasharray=\"0,10000\"\/>\n                                        <\/svg>\n                                <span class=\"chart-html5-circle tf_w tf_h\">\n                                            <em class=\"module-feature-icon tf_rel\" style=\"color:#000\"><svg  class=\"tf_fa tf-ti-game\" xmlns:xlink=\"http:\/\/www.w3.org\/1999\/xlink\" aria-hidden=\"true\"><use href=\"#tf-ti-game\" xlink:href=\"#tf-ti-game\"><\/use><\/svg><\/em>\n                                    <\/span>\n\n                \n            <\/span>\n                <\/div>\n    <div class=\"module-feature-content tf_textc\">\n                    <h3 class=\"module-feature-title\">\n                            APPs i multim\u00e8dia                        <\/h3>\n                    <div class=\"tb_text_wrap\">\n            <p>Puc ser la veu per als teus videojocs, apps i diferents tipus de productes multim\u00e8dia. Contacta amb mi i podem parlar de les necessitats del teu projecte.<\/p>        <\/div>\n    <\/div>\n<\/div>\n<!-- \/module feature -->\n        <\/div>\n                        <\/div>\n        <\/div>\n                        <div  data-lazy=\"1\" class=\"module_row themify_builder_row tb_4msi646 tf_w\">\n                        <div class=\"row_inner col_align_top tb_col_count_3 tf_box tf_rel\">\n                        <div  data-lazy=\"1\" class=\"module_column tb-column col3-1 tb_tc6p647 first\">\n                            <\/div>\n                    <div  data-lazy=\"1\" class=\"module_column tb-column col3-1 tb_dcfi648\">\n                    <!-- module feature -->\n<div  class=\"module module-feature tb_kf7t648 with-chart layout-icon-top size-medium  wow\" data-tf-animation=\"zoomIn\" data-layout-mobile=\"icon-top\" data-layout-desktop=\"icon-top\" data-lazy=\"1\">\n        <div class=\"module-feature-image tf_textc tf_rel\">\n                            <span class=\"module-feature-chart-html5 tf_box tf_rel tf_inline_b\">\n                                    <svg class=\"tf_abs tf_w tf_h\">\n                    <circle class=\"tb_feature_fill\" r=\"calc(50% - 1.00px)\" cx=\"50%\" cy=\"50%\" stroke-width=\"2\"\/>\n                    <circle class=\"tb_feature_stroke\" r=\"calc(50% - 1.00px)\" cx=\"50%\" cy=\"50%\" stroke=\"#23c3d1\" stroke-width=\"2\" data-progress=\"100\" stroke-dasharray=\"0,10000\"\/>\n                                        <\/svg>\n                                <span class=\"chart-html5-circle tf_w tf_h\">\n                                            <em class=\"module-feature-icon tf_rel\" style=\"color:#000\"><svg  class=\"tf_fa tf-ti-microphone-alt\" xmlns:xlink=\"http:\/\/www.w3.org\/1999\/xlink\" aria-hidden=\"true\"><use href=\"#tf-ti-microphone-alt\" xlink:href=\"#tf-ti-microphone-alt\"><\/use><\/svg><\/em>\n                                    <\/span>\n\n                \n            <\/span>\n                <\/div>\n    <div class=\"module-feature-content tf_textc\">\n                    <h3 class=\"module-feature-title\">\n                            P\u00f2dcast                        <\/h3>\n                    <div class=\"tb_text_wrap\">\n            <p>El servei d&#8217;\u00e0udio de moda. T&#8217;ofereixo des de la idea, fins al <a href=\"https:\/\/locutoronline.net\/catala-locutor\/creacio-de-podcast\/\">p\u00f2dcast<\/a> acabat, passant pel gui\u00f3 i les entrevistes, la gravaci\u00f3, l&#8217;edici\u00f3 i el muntatge.\u00a0<\/p>        <\/div>\n    <\/div>\n<\/div>\n<!-- \/module feature -->\n        <\/div>\n                    <div  data-lazy=\"1\" class=\"module_column tb-column col3-1 tb_0wie648 last\">\n                            <\/div>\n                        <\/div>\n        <\/div>\n                        <div  data-lazy=\"1\" class=\"module_row themify_builder_row tb_2p7432 tf_w\">\n                        <div class=\"row_inner col_align_middle gutter-narrow tb_col_count_2 tf_box tf_rel\">\n                        <div  data-lazy=\"1\" class=\"module_column tb-column col3-1 tb_mh7r49 first\">\n                    <!-- module text -->\n<div  class=\"module module-text tb_ss5249    wow\" data-tf-animation=\"slideInLeft\" data-lazy=\"1\">\n        <div  class=\"tb_text_wrap\">\n        <h2>Flux de treball:<\/h2>    <\/div>\n<\/div>\n<!-- \/module text -->        <\/div>\n                    <div  data-lazy=\"1\" class=\"module_column tb-column col3-2 tb_biwi49 last\">\n                            <div  data-lazy=\"1\" class=\"module_subrow themify_builder_sub_row tf_w col_align_top gutter-narrow tb_col_count_3 tb_lloj49\">\n                <div  data-lazy=\"1\" class=\"module_column sub_column col3-1 tb_2gv649 first\">\n                    <!-- module feature -->\n<div  class=\"module module-feature tb_0lm149 with-chart layout-icon-top size-medium  wow\" data-tf-animation=\"slideInRight\" data-layout-mobile=\"icon-top\" data-layout-desktop=\"icon-top\" data-lazy=\"1\">\n        <div class=\"module-feature-image tf_textc tf_rel\">\n                            <span class=\"module-feature-chart-html5 tf_box tf_rel tf_inline_b\">\n                                    <svg class=\"tf_abs tf_w tf_h\">\n                    <circle class=\"tb_feature_fill\" r=\"calc(50% - 1.00px)\" cx=\"50%\" cy=\"50%\" stroke-width=\"2\"\/>\n                    <circle class=\"tb_feature_stroke\" r=\"calc(50% - 1.00px)\" cx=\"50%\" cy=\"50%\" stroke=\"#23c3d1\" stroke-width=\"2\" data-progress=\"100\" stroke-dasharray=\"0,10000\"\/>\n                                        <\/svg>\n                                <span class=\"chart-html5-circle tf_w tf_h\">\n                                            <em class=\"module-feature-icon tf_rel\" style=\"color:#000\"><svg  class=\"tf_fa tf-ti-email\" xmlns:xlink=\"http:\/\/www.w3.org\/1999\/xlink\" aria-hidden=\"true\"><use href=\"#tf-ti-email\" xlink:href=\"#tf-ti-email\"><\/use><\/svg><\/em>\n                                    <\/span>\n\n                \n            <\/span>\n                <\/div>\n    <div class=\"module-feature-content tf_textc\">\n                <div class=\"tb_text_wrap\">\n            <p>Envia&#8217;m el teu gui\u00f3<\/p>        <\/div>\n    <\/div>\n<\/div>\n<!-- \/module feature -->\n        <\/div>\n                    <div  data-lazy=\"1\" class=\"module_column sub_column col3-1 tb_m6ee50\">\n                    <!-- module feature -->\n<div  class=\"module module-feature tb_k3gt50 with-chart layout-icon-top size-medium  wow\" data-tf-animation=\"slideInRight\" data-layout-mobile=\"icon-top\" data-layout-desktop=\"icon-top\" data-lazy=\"1\">\n        <div class=\"module-feature-image tf_textc tf_rel\">\n                            <span class=\"module-feature-chart-html5 tf_box tf_rel tf_inline_b\">\n                                    <svg class=\"tf_abs tf_w tf_h\">\n                    <circle class=\"tb_feature_fill\" r=\"calc(50% - 1.00px)\" cx=\"50%\" cy=\"50%\" stroke-width=\"2\"\/>\n                    <circle class=\"tb_feature_stroke\" r=\"calc(50% - 1.00px)\" cx=\"50%\" cy=\"50%\" stroke=\"#23c3d1\" stroke-width=\"2\" data-progress=\"100\" stroke-dasharray=\"0,10000\"\/>\n                                        <\/svg>\n                                <span class=\"chart-html5-circle tf_w tf_h\">\n                                            <em class=\"module-feature-icon tf_rel\" style=\"color:#000\"><svg  class=\"tf_fa tf-ti-money\" xmlns:xlink=\"http:\/\/www.w3.org\/1999\/xlink\" aria-hidden=\"true\"><use href=\"#tf-ti-money\" xlink:href=\"#tf-ti-money\"><\/use><\/svg><\/em>\n                                    <\/span>\n\n                \n            <\/span>\n                <\/div>\n    <div class=\"module-feature-content tf_textc\">\n                <div class=\"tb_text_wrap\">\n            <p>T&#8217;envio el pressupost<\/p>        <\/div>\n    <\/div>\n<\/div>\n<!-- \/module feature -->\n        <\/div>\n                    <div  data-lazy=\"1\" class=\"module_column sub_column col3-1 tb_el6u50 last\">\n                    <!-- module feature -->\n<div  class=\"module module-feature tb_ld4950 with-chart layout-icon-top size-medium  wow\" data-tf-animation=\"slideInRight\" data-layout-mobile=\"icon-top\" data-layout-desktop=\"icon-top\" data-lazy=\"1\">\n        <div class=\"module-feature-image tf_textc tf_rel\">\n                            <span class=\"module-feature-chart-html5 tf_box tf_rel tf_inline_b\">\n                                    <svg class=\"tf_abs tf_w tf_h\">\n                    <circle class=\"tb_feature_fill\" r=\"calc(50% - 1.00px)\" cx=\"50%\" cy=\"50%\" stroke-width=\"2\"\/>\n                    <circle class=\"tb_feature_stroke\" r=\"calc(50% - 1.00px)\" cx=\"50%\" cy=\"50%\" stroke=\"#23c3d1\" stroke-width=\"2\" data-progress=\"100\" stroke-dasharray=\"0,10000\"\/>\n                                        <\/svg>\n                                <span class=\"chart-html5-circle tf_w tf_h\">\n                                            <em class=\"module-feature-icon tf_rel\" style=\"color:#000\"><svg  class=\"tf_fa tf-ti-microphone\" xmlns:xlink=\"http:\/\/www.w3.org\/1999\/xlink\" aria-hidden=\"true\"><use href=\"#tf-ti-microphone\" xlink:href=\"#tf-ti-microphone\"><\/use><\/svg><\/em>\n                                    <\/span>\n\n                \n            <\/span>\n                <\/div>\n    <div class=\"module-feature-content tf_textc\">\n                <div class=\"tb_text_wrap\">\n            <p>OK! Comencem a gravar!<\/p>        <\/div>\n    <\/div>\n<\/div>\n<!-- \/module feature -->\n        <\/div>\n                    <\/div>\n                <\/div>\n                        <\/div>\n        <\/div>\n                        <div  data-lazy=\"1\" class=\"module_row themify_builder_row tb_wh1j469 tf_w\">\n                        <div class=\"row_inner col_align_top tb_col_count_1 tf_box tf_rel\">\n                        <div  data-lazy=\"1\" class=\"module_column tb-column col-full tb_7s39469 first\">\n                    <!-- module text -->\n<div  class=\"module module-text tb_tawf469   \" data-lazy=\"1\">\n        <div  class=\"tb_text_wrap\">\n        <h3 style=\"text-align: left;\">Clients que aposten per un locutor professional<\/h3>\n<p style=\"text-align: left;\">Al llarg de la meva traject\u00f2ria laboral, he treballat com a locutor professional en catal\u00e0 i castell\u00e0 (i fins i tot en alguna ocasi\u00f3 tamb\u00e9 en angl\u00e8s) per a clients nacionals i internacionals de tot tipus de sectors, i amb projectes molt variats. Per tant, s\u00f3n centenars de microempreses, empreses mitjanes i grans empreses. Per\u00f2 en tots els projectes hi he posat el mateix afecte i cura. Per exemple, aqu\u00ed hi pots veure algunes mostres de companyies per a les quals he desenvolupat projectes.<\/p>    <\/div>\n<\/div>\n<!-- \/module text -->        <div  data-lazy=\"1\" class=\"module_subrow themify_builder_sub_row tf_w col_align_top tb_col_count_5 tb_v7ap469\">\n                <div  data-lazy=\"1\" class=\"module_column sub_column col5-1 tb_atdp469 first\">\n                    <!-- module image -->\n<div  class=\"module module-image tb_8y7c469 image-center   tf_mw\" data-lazy=\"1\">\n        <div class=\"image-wrap tf_rel tf_mw\">\n            <img decoding=\"async\" src=\"https:\/\/locutoronline.net\/catala-locutor\/wp-content\/uploads\/2026\/05\/0_amazon_logo.webp\" title=\"Inici\" alt=\"Inici\">    \n        <\/div>\n    <!-- \/image-wrap -->\n    \n        <\/div>\n<!-- \/module image -->        <\/div>\n                    <div  data-lazy=\"1\" class=\"module_column sub_column col5-1 tb_u0fz469\">\n                    <!-- module image -->\n<div  class=\"module module-image tb_kuum469 image-center   tf_mw\" data-lazy=\"1\">\n        <div class=\"image-wrap tf_rel tf_mw\">\n            <img decoding=\"async\" src=\"https:\/\/locutoronline.net\/catala-locutor\/wp-content\/uploads\/2026\/05\/0_netflix_logo.webp\" title=\"Inici\" alt=\"Inici\">    \n        <\/div>\n    <!-- \/image-wrap -->\n    \n        <\/div>\n<!-- \/module image -->        <\/div>\n                    <div  data-lazy=\"1\" class=\"module_column sub_column col5-1 tb_daqk469\">\n                    <!-- module image -->\n<div  class=\"module module-image tb_xqyy469 image-center   tf_mw\" data-lazy=\"1\">\n        <div class=\"image-wrap tf_rel tf_mw\">\n            <img decoding=\"async\" src=\"https:\/\/locutoronline.net\/catala-locutor\/wp-content\/uploads\/2026\/05\/0_audi_logo.webp\" title=\"Inici\" alt=\"Inici\">    \n        <\/div>\n    <!-- \/image-wrap -->\n    \n        <\/div>\n<!-- \/module image -->        <\/div>\n                    <div  data-lazy=\"1\" class=\"module_column sub_column col5-1 tb_kj5t469\">\n                    <!-- module image -->\n<div  class=\"module module-image tb_jrzp469 image-center   tf_mw\" data-lazy=\"1\">\n        <div class=\"image-wrap tf_rel tf_mw\">\n            <img decoding=\"async\" src=\"https:\/\/locutoronline.net\/catala-locutor\/wp-content\/uploads\/2026\/05\/0_spotify_logo.webp\" title=\"Inici\" alt=\"Inici\">    \n        <\/div>\n    <!-- \/image-wrap -->\n    \n        <\/div>\n<!-- \/module image -->        <\/div>\n                    <div  data-lazy=\"1\" class=\"module_column sub_column col5-1 tb_s7s7469 last\">\n                    <!-- module image -->\n<div  class=\"module module-image tb_0eis469 image-center   tf_mw\" data-lazy=\"1\">\n        <div class=\"image-wrap tf_rel tf_mw\">\n            <img decoding=\"async\" src=\"https:\/\/locutoronline.net\/catala-locutor\/wp-content\/uploads\/2026\/05\/0_fujifilm_logo.webp\" title=\"Inici\" alt=\"Inici\">    \n        <\/div>\n    <!-- \/image-wrap -->\n    \n        <\/div>\n<!-- \/module image -->        <\/div>\n                    <\/div>\n                <div  data-lazy=\"1\" class=\"module_subrow themify_builder_sub_row tf_w col_align_top tb_col_count_5 tb_q8fm469\">\n                <div  data-lazy=\"1\" class=\"module_column sub_column col5-1 tb_bn9t469 first\">\n                    <!-- module image -->\n<div  class=\"module module-image tb_oedp469 image-center   tf_mw\" data-lazy=\"1\">\n        <div class=\"image-wrap tf_rel tf_mw\">\n            <img decoding=\"async\" src=\"https:\/\/locutoronline.net\/catala-locutor\/wp-content\/uploads\/2026\/05\/0_lenovo_logo.webp\" title=\"Inici\" alt=\"Inici\">    \n        <\/div>\n    <!-- \/image-wrap -->\n    \n        <\/div>\n<!-- \/module image -->        <\/div>\n                    <div  data-lazy=\"1\" class=\"module_column sub_column col5-1 tb_undd469\">\n                    <!-- module image -->\n<div  class=\"module module-image tb_7ems469 image-center   tf_mw\" data-lazy=\"1\">\n        <div class=\"image-wrap tf_rel tf_mw\">\n            <img decoding=\"async\" src=\"https:\/\/locutoronline.net\/catala-locutor\/wp-content\/uploads\/2026\/05\/0_lavazza_logo.webp\" title=\"Inici\" alt=\"Inici\">    \n        <\/div>\n    <!-- \/image-wrap -->\n    \n        <\/div>\n<!-- \/module image -->        <\/div>\n                    <div  data-lazy=\"1\" class=\"module_column sub_column col5-1 tb_1cf7469\">\n                    <!-- module image -->\n<div  class=\"module module-image tb_kbdx469 image-center   tf_mw\" data-lazy=\"1\">\n        <div class=\"image-wrap tf_rel tf_mw\">\n            <img decoding=\"async\" src=\"https:\/\/locutoronline.net\/catala-locutor\/wp-content\/uploads\/2026\/05\/0_finish_logo.webp\" title=\"Inici\" alt=\"Inici\">    \n        <\/div>\n    <!-- \/image-wrap -->\n    \n        <\/div>\n<!-- \/module image -->        <\/div>\n                    <div  data-lazy=\"1\" class=\"module_column sub_column col5-1 tb_kn3h469\">\n                    <!-- module image -->\n<div  class=\"module module-image tb_2d4t469 image-center   tf_mw\" data-lazy=\"1\">\n        <div class=\"image-wrap tf_rel tf_mw\">\n            <img decoding=\"async\" src=\"https:\/\/locutoronline.net\/catala-locutor\/wp-content\/uploads\/2026\/05\/0_fnac_logo.webp\" title=\"Inici\" alt=\"Inici\">    \n        <\/div>\n    <!-- \/image-wrap -->\n    \n        <\/div>\n<!-- \/module image -->        <\/div>\n                    <div  data-lazy=\"1\" class=\"module_column sub_column col5-1 tb_2ada469 last\">\n                    <!-- module image -->\n<div  class=\"module module-image tb_2wrp469 image-center   tf_mw\" data-lazy=\"1\">\n        <div class=\"image-wrap tf_rel tf_mw\">\n            <img decoding=\"async\" src=\"https:\/\/locutoronline.net\/catala-locutor\/wp-content\/uploads\/2026\/05\/0_mazda_logo.webp\" title=\"Inici\" alt=\"Inici\">    \n        <\/div>\n    <!-- \/image-wrap -->\n    \n        <\/div>\n<!-- \/module image -->        <\/div>\n                    <\/div>\n                <div  data-lazy=\"1\" class=\"module_subrow themify_builder_sub_row tf_w col_align_top tb_col_count_5 tb_8fbs469\">\n                <div  data-lazy=\"1\" class=\"module_column sub_column col5-1 tb_nmqc469 first\">\n                    <!-- module image -->\n<div  class=\"module module-image tb_4o0u469 image-center   tf_mw\" data-lazy=\"1\">\n        <div class=\"image-wrap tf_rel tf_mw\">\n            <img decoding=\"async\" src=\"https:\/\/locutoronline.net\/catala-locutor\/wp-content\/uploads\/2026\/05\/0_caixabank_logo.webp\" title=\"Inici\" alt=\"Inici\">    \n        <\/div>\n    <!-- \/image-wrap -->\n    \n        <\/div>\n<!-- \/module image -->        <\/div>\n                    <div  data-lazy=\"1\" class=\"module_column sub_column col5-1 tb_ihm6469\">\n                    <!-- module image -->\n<div  class=\"module module-image tb_nl54469 image-center   tf_mw\" data-lazy=\"1\">\n        <div class=\"image-wrap tf_rel tf_mw\">\n            <img decoding=\"async\" src=\"https:\/\/locutoronline.net\/catala-locutor\/wp-content\/uploads\/2026\/05\/0_renfe_logo.webp\" title=\"Inici\" alt=\"Inici\">    \n        <\/div>\n    <!-- \/image-wrap -->\n    \n        <\/div>\n<!-- \/module image -->        <\/div>\n                    <div  data-lazy=\"1\" class=\"module_column sub_column col5-1 tb_zd44469\">\n                    <!-- module image -->\n<div  class=\"module module-image tb_47rc469 image-center   tf_mw\" data-lazy=\"1\">\n        <div class=\"image-wrap tf_rel tf_mw\">\n            <img decoding=\"async\" src=\"https:\/\/locutoronline.net\/catala-locutor\/wp-content\/uploads\/2026\/05\/0_burger_king_logo.webp\" title=\"Inici\" alt=\"Inici\">    \n        <\/div>\n    <!-- \/image-wrap -->\n    \n        <\/div>\n<!-- \/module image -->        <\/div>\n                    <div  data-lazy=\"1\" class=\"module_column sub_column col5-1 tb_26zd469\">\n                    <!-- module image -->\n<div  class=\"module module-image tb_a59a469 image-center   tf_mw\" data-lazy=\"1\">\n        <div class=\"image-wrap tf_rel tf_mw\">\n            <img decoding=\"async\" src=\"https:\/\/locutoronline.net\/catala-locutor\/wp-content\/uploads\/2026\/05\/0_panasonic_logo.webp\" title=\"Inici\" alt=\"Inici\">    \n        <\/div>\n    <!-- \/image-wrap -->\n    \n        <\/div>\n<!-- \/module image -->        <\/div>\n                    <div  data-lazy=\"1\" class=\"module_column sub_column col5-1 tb_bpcl469 last\">\n                    <!-- module image -->\n<div  class=\"module module-image tb_4t96469 image-center   tf_mw\" data-lazy=\"1\">\n        <div class=\"image-wrap tf_rel tf_mw\">\n            <img decoding=\"async\" src=\"https:\/\/locutoronline.net\/catala-locutor\/wp-content\/uploads\/2026\/05\/0_ariel_logo.webp\" title=\"Inici\" alt=\"Inici\">    \n        <\/div>\n    <!-- \/image-wrap -->\n    \n        <\/div>\n<!-- \/module image -->        <\/div>\n                    <\/div>\n                <div  data-lazy=\"1\" class=\"module_subrow themify_builder_sub_row tf_w col_align_top tb_col_count_5 tb_vpjt469\">\n                <div  data-lazy=\"1\" class=\"module_column sub_column col5-1 tb_5kn3469 first\">\n                    <!-- module image -->\n<div  class=\"module module-image tb_sbgt469 image-center   tf_mw\" data-lazy=\"1\">\n        <div class=\"image-wrap tf_rel tf_mw\">\n            <img decoding=\"async\" src=\"https:\/\/locutoronline.net\/catala-locutor\/wp-content\/uploads\/2026\/05\/0_carolina_herrera_logo.webp\" title=\"Inici\" alt=\"Inici\">    \n        <\/div>\n    <!-- \/image-wrap -->\n    \n        <\/div>\n<!-- \/module image -->        <\/div>\n                    <div  data-lazy=\"1\" class=\"module_column sub_column col5-1 tb_zg8k469\">\n                    <!-- module image -->\n<div  class=\"module module-image tb_2a3t469 image-center   tf_mw\" data-lazy=\"1\">\n        <div class=\"image-wrap tf_rel tf_mw\">\n            <img decoding=\"async\" src=\"https:\/\/locutoronline.net\/catala-locutor\/wp-content\/uploads\/2026\/05\/0_rabanne_logo.webp\" title=\"Inici\" alt=\"Inici\">    \n        <\/div>\n    <!-- \/image-wrap -->\n    \n        <\/div>\n<!-- \/module image -->        <\/div>\n                    <div  data-lazy=\"1\" class=\"module_column sub_column col5-1 tb_hehe469\">\n                    <!-- module image -->\n<div  class=\"module module-image tb_f3vc469 image-center   tf_mw\" data-lazy=\"1\">\n        <div class=\"image-wrap tf_rel tf_mw\">\n            <img decoding=\"async\" src=\"https:\/\/locutoronline.net\/catala-locutor\/wp-content\/uploads\/2026\/05\/0_clarks_logo.webp\" title=\"Inici\" alt=\"Inici\">    \n        <\/div>\n    <!-- \/image-wrap -->\n    \n        <\/div>\n<!-- \/module image -->        <\/div>\n                    <div  data-lazy=\"1\" class=\"module_column sub_column col5-1 tb_065w469\">\n                    <!-- module image -->\n<div  class=\"module module-image tb_8gw4469 image-center   tf_mw\" data-lazy=\"1\">\n        <div class=\"image-wrap tf_rel tf_mw\">\n            <img decoding=\"async\" src=\"https:\/\/locutoronline.net\/catala-locutor\/wp-content\/uploads\/2026\/05\/0_leroy_merlin_logo.webp\" title=\"Inici\" alt=\"Inici\">    \n        <\/div>\n    <!-- \/image-wrap -->\n    \n        <\/div>\n<!-- \/module image -->        <\/div>\n                    <div  data-lazy=\"1\" class=\"module_column sub_column col5-1 tb_2gh0469 last\">\n                    <!-- module image -->\n<div  class=\"module module-image tb_vogg469 image-center   tf_mw\" data-lazy=\"1\">\n        <div class=\"image-wrap tf_rel tf_mw\">\n            <img decoding=\"async\" src=\"https:\/\/locutoronline.net\/catala-locutor\/wp-content\/uploads\/2026\/05\/0_makro_logo.webp\" title=\"Inici\" alt=\"Inici\">    \n        <\/div>\n    <!-- \/image-wrap -->\n    \n        <\/div>\n<!-- \/module image -->        <\/div>\n                    <\/div>\n                <div  data-lazy=\"1\" class=\"module_subrow themify_builder_sub_row tf_w col_align_top tb_col_count_5 tb_2y1s469\">\n                <div  data-lazy=\"1\" class=\"module_column sub_column col5-1 tb_i861469 first\">\n                    <!-- module image -->\n<div  class=\"module module-image tb_y3ih469 image-center   tf_mw\" data-lazy=\"1\">\n        <div class=\"image-wrap tf_rel tf_mw\">\n            <img decoding=\"async\" src=\"https:\/\/locutoronline.net\/catala-locutor\/wp-content\/uploads\/2026\/05\/0_baileys_logo.webp\" title=\"Inici\" alt=\"Inici\">    \n        <\/div>\n    <!-- \/image-wrap -->\n    \n        <\/div>\n<!-- \/module image -->        <\/div>\n                    <div  data-lazy=\"1\" class=\"module_column sub_column col5-1 tb_e2oe469\">\n                    <!-- module image -->\n<div  class=\"module module-image tb_1iuv469 image-center   tf_mw\" data-lazy=\"1\">\n        <div class=\"image-wrap tf_rel tf_mw\">\n            <img decoding=\"async\" src=\"https:\/\/locutoronline.net\/catala-locutor\/wp-content\/uploads\/2026\/05\/0_basf_logo.webp\" title=\"Inici\" alt=\"Inici\">    \n        <\/div>\n    <!-- \/image-wrap -->\n    \n        <\/div>\n<!-- \/module image -->        <\/div>\n                    <div  data-lazy=\"1\" class=\"module_column sub_column col5-1 tb_l6vv469\">\n                    <!-- module image -->\n<div  class=\"module module-image tb_8049469 image-center   tf_mw\" data-lazy=\"1\">\n        <div class=\"image-wrap tf_rel tf_mw\">\n            <img decoding=\"async\" src=\"https:\/\/locutoronline.net\/catala-locutor\/wp-content\/uploads\/2026\/05\/0_compeed_logo.webp\" title=\"Inici\" alt=\"Inici\">    \n        <\/div>\n    <!-- \/image-wrap -->\n    \n        <\/div>\n<!-- \/module image -->        <\/div>\n                    <div  data-lazy=\"1\" class=\"module_column sub_column col5-1 tb_p7md469\">\n                    <!-- module image -->\n<div  class=\"module module-image tb_o91p469 image-center   tf_mw\" data-lazy=\"1\">\n        <div class=\"image-wrap tf_rel tf_mw\">\n            <img decoding=\"async\" src=\"https:\/\/locutoronline.net\/catala-locutor\/wp-content\/uploads\/2026\/05\/0_dia_logo.webp\" title=\"Inici\" alt=\"Inici\">    \n        <\/div>\n    <!-- \/image-wrap -->\n    \n        <\/div>\n<!-- \/module image -->        <\/div>\n                    <div  data-lazy=\"1\" class=\"module_column sub_column col5-1 tb_txc8469 last\">\n                    <!-- module image -->\n<div  class=\"module module-image tb_p711469 image-center   tf_mw\" data-lazy=\"1\">\n        <div class=\"image-wrap tf_rel tf_mw\">\n            <img decoding=\"async\" src=\"https:\/\/locutoronline.net\/catala-locutor\/wp-content\/uploads\/2026\/05\/0_storytel_logo.webp\" title=\"Inici\" alt=\"Inici\">    \n        <\/div>\n    <!-- \/image-wrap -->\n    \n        <\/div>\n<!-- \/module image -->        <\/div>\n                    <\/div>\n                <div  data-lazy=\"1\" class=\"module_subrow themify_builder_sub_row tf_w col_align_top tb_col_count_5 tb_i4b2469\">\n                <div  data-lazy=\"1\" class=\"module_column sub_column col5-1 tb_18fi469 first\">\n                    <!-- module image -->\n<div  class=\"module module-image tb_dqzi469 image-center   tf_mw\" data-lazy=\"1\">\n        <div class=\"image-wrap tf_rel tf_mw\">\n            <img decoding=\"async\" src=\"https:\/\/locutoronline.net\/catala-locutor\/wp-content\/uploads\/2026\/05\/0_verti_logo.webp\" title=\"Inici\" alt=\"Inici\">    \n        <\/div>\n    <!-- \/image-wrap -->\n    \n        <\/div>\n<!-- \/module image -->        <\/div>\n                    <div  data-lazy=\"1\" class=\"module_column sub_column col5-1 tb_h0zn469\">\n                    <!-- module image -->\n<div  class=\"module module-image tb_c8sb469 image-center   tf_mw\" data-lazy=\"1\">\n        <div class=\"image-wrap tf_rel tf_mw\">\n            <img decoding=\"async\" src=\"https:\/\/locutoronline.net\/catala-locutor\/wp-content\/uploads\/2026\/05\/0_zespri_logo.webp\" title=\"Inici\" alt=\"Inici\">    \n        <\/div>\n    <!-- \/image-wrap -->\n    \n        <\/div>\n<!-- \/module image -->        <\/div>\n                    <div  data-lazy=\"1\" class=\"module_column sub_column col5-1 tb_ty1n469\">\n                    <!-- module image -->\n<div  class=\"module module-image tb_x12x469 image-center   tf_mw\" data-lazy=\"1\">\n        <div class=\"image-wrap tf_rel tf_mw\">\n            <img decoding=\"async\" src=\"https:\/\/locutoronline.net\/catala-locutor\/wp-content\/uploads\/2026\/05\/0_glassdrive_logo.webp\" title=\"Inici\" alt=\"Inici\">    \n        <\/div>\n    <!-- \/image-wrap -->\n    \n        <\/div>\n<!-- \/module image -->        <\/div>\n                    <div  data-lazy=\"1\" class=\"module_column sub_column col5-1 tb_ag0n469\">\n                    <!-- module image -->\n<div  class=\"module module-image tb_a9yl469 image-center   tf_mw\" data-lazy=\"1\">\n        <div class=\"image-wrap tf_rel tf_mw\">\n            <img decoding=\"async\" src=\"https:\/\/locutoronline.net\/catala-locutor\/wp-content\/uploads\/2026\/05\/0_rodi_motor_logo.webp\" title=\"Inici\" alt=\"Inici\">    \n        <\/div>\n    <!-- \/image-wrap -->\n    \n        <\/div>\n<!-- \/module image -->        <\/div>\n                    <div  data-lazy=\"1\" class=\"module_column sub_column col5-1 tb_cnov469 last\">\n                    <!-- module image -->\n<div  class=\"module module-image tb_qxqt469 image-center   tf_mw\" data-lazy=\"1\">\n        <div class=\"image-wrap tf_rel tf_mw\">\n            <img decoding=\"async\" src=\"https:\/\/locutoronline.net\/catala-locutor\/wp-content\/uploads\/2026\/05\/0_soundcloud_logo.webp\" title=\"Inici\" alt=\"Inici\">    \n        <\/div>\n    <!-- \/image-wrap -->\n    \n        <\/div>\n<!-- \/module image -->        <\/div>\n                    <\/div>\n        <!-- module text -->\n<div  class=\"module module-text tb_en97469   \" data-lazy=\"1\">\n        <div  class=\"tb_text_wrap\">\n        <p style=\"text-align: left;\">Saps per qu\u00e8 molts dels meus clients s\u00f3n gaireb\u00e9 com una extensi\u00f3 de la meva fam\u00edlia? Perqu\u00e8 en m\u00e9s de 20 anys com a locutor professional amb estudi propi he teixit una xarxa de contactes fiables. I en els temps que corren, en qu\u00e8 la Intel\u00b7lig\u00e8ncia Artificial (IA) amena\u00e7a de despersonalitzar-ho tot, els meus clients aposten per la humanitat, per una veu humana real, per un locutor professional que sigui capa\u00e7 d&#8217;expressar emocions i d&#8217;arrencar sentiments.<\/p>    <\/div>\n<\/div>\n<!-- \/module text -->        <\/div>\n                        <\/div>\n        <\/div>\n                        <div  data-lazy=\"1\" class=\"module_row themify_builder_row tb_a1rg31 tf_w\">\n                        <div class=\"row_inner col_align_middle gutter-narrow tb_col_count_2 tf_box tf_rel\">\n                        <div  data-lazy=\"1\" class=\"module_column tb-column col3-1 tb_kygb43 first\">\n                    <!-- module text -->\n<div  class=\"module module-text tb_lbcb43    wow\" data-tf-animation=\"slideInLeft\" data-lazy=\"1\">\n        <div  class=\"tb_text_wrap\">\n        <h2 style=\"text-align: left;\">Quant fa que treballo com a locutor professional?<\/h2>\n<p style=\"text-align: left;\">Vaig gravar la meva primera locuci\u00f3 comercial el 2003. El 2008 vaig fer el salt: vaig muntar el meu propi estudi de gravaci\u00f3 i vaig comen\u00e7ar a oferir servei freelance online. M\u00e9s de dues d\u00e8cades de micr\u00f2fon despr\u00e9s, continuo gravant cada projecte com si fos el primer.<\/p>    <\/div>\n<\/div>\n<!-- \/module text --><!-- module buttons -->\n<div  class=\"module module-buttons tb_7unv43 buttons-horizontal outline  large squared wow\" data-tf-animation=\"slideInLeft\" data-lazy=\"1\">\n        <div class=\"module-buttons-item tf_in_flx\">\n                        <a href=\"https:\/\/locutoronline.net\/catala-locutor\/actor-de-doblatge\/\" class=\"ui builder_button tf_in_flx blue\" >\n                                                Saber-ne m\u00e9s                                        <\/a>\n                <\/div>\n            <\/div>\n<!-- \/module buttons -->\n        <\/div>\n                    <div  data-lazy=\"1\" class=\"module_column tb-column col3-2 tb_9ml843 last\">\n                    <!-- module image -->\n<div  class=\"module module-image tb_1amq44 image-top drop-shadow bordered circle  tf_mw wow\" data-tf-animation=\"slideInRight\" data-lazy=\"1\">\n        <div class=\"image-wrap tf_rel tf_mw\">\n            <img loading=\"lazy\" decoding=\"async\" src=\"https:\/\/locutoronline.net\/catala-locutor\/wp-content\/uploads\/2026\/07\/Estudio_nuevo.webp\" width=\"789\" height=\"453\" class=\"wp-post-image wp-image-477\" title=\"Estudio_nuevo\" alt=\"David Morales - Locutor Professional en catal\u00e0 i castell\u00e0 - Sala d&#039;edici\u00f3\">    \n        <\/div>\n    <!-- \/image-wrap -->\n    \n        <\/div>\n<!-- \/module image -->        <\/div>\n                        <\/div>\n        <\/div>\n                        <div  data-lazy=\"1\" class=\"module_row themify_builder_row tb_s82k115 tf_w\">\n                        <div class=\"row_inner col_align_top tb_col_count_1 tf_box tf_rel\">\n                        <div  data-lazy=\"1\" class=\"module_column tb-column col-full tb_wb4d927 first\">\n                            <div  data-lazy=\"1\" class=\"module_subrow themify_builder_sub_row tf_w col_align_top tb_col_count_1 tb_5mii928\">\n                <div  data-lazy=\"1\" class=\"module_column sub_column col-full tb_1iag768 first\">\n                    <!-- module text -->\n<div  class=\"module module-text tb_0f0w768   \" data-lazy=\"1\">\n        <div  class=\"tb_text_wrap\">\n        <h3 style=\"text-align: center;\">Vols saber-ne m\u00e9s?<\/h3>    <\/div>\n<\/div>\n<!-- \/module text --><!-- module buttons -->\n<div  class=\"module module-buttons tb_xceo872 buttons-horizontal solid  large rounded buttons-fullwidth\" data-lazy=\"1\">\n        <div class=\"module-buttons-item tf_in_flx\">\n                        <a href=\"https:\/\/locutoronline.net\/catala-locutor\/locutor-amb-estudi-propi\/\" class=\"ui builder_button tf_in_flx gray\" >\n                                                ESTUDI                                        <\/a>\n                <\/div>\n                    <div class=\"module-buttons-item tf_in_flx\">\n                        <a href=\"https:\/\/locutoronline.net\/catala-locutor\/locutor-barat\/\" class=\"ui builder_button tf_in_flx gray\" >\n                                                TARIFES                                        <\/a>\n                <\/div>\n                    <div class=\"module-buttons-item tf_in_flx\">\n                        <a href=\"https:\/\/locutoronline.net\/catala-locutor\/locutor-catala\/\" class=\"ui builder_button tf_in_flx gray\" >\n                                                LOCUTOR CATAL\u00c0                                        <\/a>\n                <\/div>\n            <\/div>\n<!-- \/module buttons -->\n        <\/div>\n                    <\/div>\n                <\/div>\n                        <\/div>\n        <\/div>\n                        <div  data-lazy=\"1\" class=\"module_row themify_builder_row tb_lg0x883 tf_w\">\n                        <div class=\"row_inner col_align_top tb_col_count_1 tf_box tf_rel\">\n                        <div  data-lazy=\"1\" class=\"module_column tb-column col-full tb_j1wk935 first\">\n                    <!-- module box -->\n<div  class=\"module module-box tb_b0uf936 \" data-lazy=\"1\">\n    <div class=\"module-box-content ui  tb_default_color\">\n                <div class=\"tb_text_wrap\"><h2 style=\"text-align: center;\">Fes brillar el teu projecte amb un locutor professional<\/h2>\n<p style=\"text-align: center;\">Preparat per posar veu a les teves idees? <a href=\"https:\/\/locutoronline.net\/catala-locutor\/contractar-locutor\/\">Contacta amb mi ara<\/a>! Junts, farem que el teu missatge destaqui a tot Catalunya, Espanya&#8230; I m\u00e9s enll\u00e0!<\/p><\/div>\n    <\/div>\n<\/div>\n<!-- \/module box -->\n<!-- module accordion -->\n<div  class=\"module module-accordion tb_ice7184 \" data-behavior=\"toggle\" data-lazy=\"1\">\n    <h3 class=\"module-title\">FAQ<\/h3>\n    <ul class=\"ui module-accordion   accent-color\">\n            <li>\n            <div class=\"accordion-title tf_rel\">\n                <a href=\"#acc-ice7184-0\" class=\"tb_title_accordion\" aria-controls=\"acc-ice7184-0-content\" aria-expanded=\"false\">\n                                                            <span class=\"accordion-title-wrap\">Quant costa contractar un locutor professional?<\/span>                <\/a>\n            <\/div><!-- .accordion-title -->\n            <div id=\"acc-ice7184-0-content\" data-id=\"acc-ice7184-0\" aria-hidden=\"true\" class=\"accordion-content tf_hide tf_clearfix\">\n                        <div  data-lazy=\"1\" class=\"module_subrow themify_builder_sub_row tf_w col_align_top tb_col_count_1 tb_1she631\">\n                <div  data-lazy=\"1\" class=\"module_column sub_column tb_cg8c631 first\">\n                    <!-- module text -->\n<div  class=\"module module-text tb_pusz631   \" data-lazy=\"1\">\n        <div  class=\"tb_text_wrap\">\n        <p>Dep\u00e8n de l&#8217;\u00fas i la durada: no costa el mateix una falca de r\u00e0dio estatal que un v\u00eddeo intern. Envia&#8217;m el teu text i rebr\u00e0s un pressupost clar i a mida en menys de 24 hores, sense comprom\u00eds.<\/p>    <\/div>\n<\/div>\n<!-- \/module text -->        <\/div>\n                    <\/div>\n                    <\/div><!-- .accordion-content -->\n        <\/li>\n            <li>\n            <div class=\"accordion-title tf_rel\">\n                <a href=\"#acc-ice7184-1\" class=\"tb_title_accordion\" aria-controls=\"acc-ice7184-1-content\" aria-expanded=\"false\">\n                                                            <span class=\"accordion-title-wrap\">En quin termini lliures una locuci\u00f3?<\/span>                <\/a>\n            <\/div><!-- .accordion-title -->\n            <div id=\"acc-ice7184-1-content\" data-id=\"acc-ice7184-1\" aria-hidden=\"true\" class=\"accordion-content tf_hide tf_clearfix\">\n                        <div  data-lazy=\"1\" class=\"module_subrow themify_builder_sub_row tf_w col_align_top tb_col_count_1 tb_vhxc632\">\n                <div  data-lazy=\"1\" class=\"module_column sub_column tb_i0h0632 first\">\n                    <!-- module text -->\n<div  class=\"module module-text tb_0b4z632   \" data-lazy=\"1\">\n        <div  class=\"tb_text_wrap\">\n        <p>Rebr\u00e0s el teu \u00e0udio editat i llest per fer servir en 24-48 hores des de l&#8217;aprovaci\u00f3 del pressupost. Per a projectes urgents, consulta&#8217;m: si puc, el gravem avui.<\/p>\n    <\/div>\n<\/div>\n<!-- \/module text -->        <\/div>\n                    <\/div>\n                    <\/div><!-- .accordion-content -->\n        <\/li>\n            <li>\n            <div class=\"accordion-title tf_rel\">\n                <a href=\"#acc-ice7184-2\" class=\"tb_title_accordion\" aria-controls=\"acc-ice7184-2-content\" aria-expanded=\"false\">\n                                                            <span class=\"accordion-title-wrap\">Puc dirigir la sessi\u00f3 de gravaci\u00f3 en directe?<\/span>                <\/a>\n            <\/div><!-- .accordion-title -->\n            <div id=\"acc-ice7184-2-content\" data-id=\"acc-ice7184-2\" aria-hidden=\"true\" class=\"accordion-content tf_hide tf_clearfix\">\n                        <div  data-lazy=\"1\" class=\"module_subrow themify_builder_sub_row tf_w col_align_top tb_col_count_1 tb_adad632\">\n                <div  data-lazy=\"1\" class=\"module_column sub_column tb_jkhc632 first\">\n                    <!-- module text -->\n<div  class=\"module module-text tb_8kyo632   \" data-lazy=\"1\">\n        <div  class=\"tb_text_wrap\">\n        <p>S\u00ed. Pots connectar-te a la sessi\u00f3 des d&#8217;on siguis i dirigir-me en temps real, com si fossis al meu estudi. Tamb\u00e9 puc gravar en autodirecci\u00f3 i enviar-te diverses preses.<\/p>    <\/div>\n<\/div>\n<!-- \/module text -->        <\/div>\n                    <\/div>\n                    <\/div><!-- .accordion-content -->\n        <\/li>\n            <li>\n            <div class=\"accordion-title tf_rel\">\n                <a href=\"#acc-ice7184-3\" class=\"tb_title_accordion\" aria-controls=\"acc-ice7184-3-content\" aria-expanded=\"false\">\n                                                            <span class=\"accordion-title-wrap\">Graves en castell\u00e0 a m\u00e9s de en catal\u00e0?<\/span>                <\/a>\n            <\/div><!-- .accordion-title -->\n            <div id=\"acc-ice7184-3-content\" data-id=\"acc-ice7184-3\" aria-hidden=\"true\" class=\"accordion-content tf_hide tf_clearfix\">\n                        <div  data-lazy=\"1\" class=\"module_subrow themify_builder_sub_row tf_w col_align_top tb_col_count_1 tb_3djb633\">\n                <div  data-lazy=\"1\" class=\"module_column sub_column tb_2ylc633 first\">\n                    <!-- module text -->\n<div  class=\"module module-text tb_o88m633   \" data-lazy=\"1\">\n        <div  class=\"tb_text_wrap\">\n        <p>S\u00ed, soc locutor nadiu biling\u00fce: gravo en catal\u00e0 i castell\u00e0 amb la mateixa naturalitat. Per tant, una sola veu per a les dues versions del teu projecte.<\/p>    <\/div>\n<\/div>\n<!-- \/module text -->        <\/div>\n                    <\/div>\n                    <\/div><!-- .accordion-content -->\n        <\/li>\n            <li>\n            <div class=\"accordion-title tf_rel\">\n                <a href=\"#acc-ice7184-4\" class=\"tb_title_accordion\" aria-controls=\"acc-ice7184-4-content\" aria-expanded=\"false\">\n                                                            <span class=\"accordion-title-wrap\">Per qu\u00e8 triar una veu humana en lloc d'una veu d'IA?<\/span>                <\/a>\n            <\/div><!-- .accordion-title -->\n            <div id=\"acc-ice7184-4-content\" data-id=\"acc-ice7184-4\" aria-hidden=\"true\" class=\"accordion-content tf_hide tf_clearfix\">\n                        <div  data-lazy=\"1\" class=\"module_subrow themify_builder_sub_row tf_w col_align_top tb_col_count_1 tb_kn4c633\">\n                <div  data-lazy=\"1\" class=\"module_column sub_column tb_zxew633 first\">\n                    <!-- module text -->\n<div  class=\"module module-text tb_9eg6633   \" data-lazy=\"1\">\n        <div  class=\"tb_text_wrap\">\n        <p>Perqu\u00e8 una veu humana interpreta: ent\u00e9n la intenci\u00f3, la ironia i l&#8217;emoci\u00f3 del teu text. La IA llegeix; un locutor comunica. I la teva marca mereix sonar cre\u00efble.<\/p>    <\/div>\n<\/div>\n<!-- \/module text -->        <\/div>\n                    <\/div>\n                    <\/div><!-- .accordion-content -->\n        <\/li>\n        <\/ul>\n\n<\/div><!-- \/module accordion --><!-- module text -->\n<div  class=\"module module-text tb_dqiu165   \" data-lazy=\"1\">\n        <div  class=\"tb_text_wrap\">\n        <p><script type=\"application\/ld+json\">\n{\"@context\":\"https:\/\/schema.org\",\"@type\":\"FAQPage\",\"mainEntity\":[\n{\"@type\":\"Question\",\"name\":\"Quant costa contractar un locutor professional?\",\"acceptedAnswer\":{\"@type\":\"Answer\",\"text\":\"Dep\u00e8n de l'\u00fas i la durada: no costa el mateix una falca de r\u00e0dio estatal que un v\u00eddeo intern. Envia'm el teu text i rebr\u00e0s un pressupost clar i a mida en menys de 24 hores, sense comprom\u00eds.\"}},\n{\"@type\":\"Question\",\"name\":\"En quin termini lliures una locuci\u00f3?\",\"acceptedAnswer\":{\"@type\":\"Answer\",\"text\":\"Rebr\u00e0s el teu \u00e0udio editat i llest per fer servir en 24-48 hores des de l'aprovaci\u00f3 del pressupost. Per a projectes urgents, consulta'm: si puc, el gravem avui.\"}},\n{\"@type\":\"Question\",\"name\":\"Puc dirigir la sessi\u00f3 de gravaci\u00f3 en directe?\",\"acceptedAnswer\":{\"@type\":\"Answer\",\"text\":\"S\u00ed. Pots connectar-te a la sessi\u00f3 des d'on siguis i dirigir-me en temps real, com si fossis al meu estudi. Tamb\u00e9 puc gravar en autodirecci\u00f3 i enviar-te diverses preses.\"}},\n{\"@type\":\"Question\",\"name\":\"Graves en castell\u00e0 a m\u00e9s de en catal\u00e0?\",\"acceptedAnswer\":{\"@type\":\"Answer\",\"text\":\"S\u00ed, soc locutor nadiu biling\u00fce: gravo en catal\u00e0 i castell\u00e0 amb la mateixa naturalitat. Per tant, una sola veu per a les dues versions del teu projecte.\"}},\n{\"@type\":\"Question\",\"name\":\"Per qu\u00e8 triar una veu humana en lloc d'una veu d'IA?\",\"acceptedAnswer\":{\"@type\":\"Answer\",\"text\":\"Perqu\u00e8 una veu humana interpreta: ent\u00e9n la intenci\u00f3, la ironia i l'emoci\u00f3 del teu text. La IA llegeix; un locutor comunica. I la teva marca mereix sonar cre\u00efble.\"}}\n]}\n<\/script><\/p>\n    <\/div>\n<\/div>\n<!-- \/module text -->        <\/div>\n                        <\/div>\n        <\/div>\n                        <div  data-lazy=\"1\" class=\"module_row themify_builder_row tb_hwro425 tf_w\">\n                        <div class=\"row_inner col_align_top tb_col_count_3 tf_box tf_rel\">\n                        <div  data-lazy=\"1\" class=\"module_column tb-column col3-1 tb_gzzb425 first\">\n                    <!-- module icon -->\n<div  class=\"module module-icon tb_g5l5425  xlarge none icon_horizontal \" data-lazy=\"1\">\n\t\t\t<div class=\"module-icon-item\">\n\t\t\t\t\t\t\t\t\t\t\t\t\t\t\t\t<em class=\"tf_boxtb_default_color\"\n\t\t\t\t\t\t\t\t\t\t\t\t\t\t\t\t\t><svg  class=\"tf_fa tf-far-map-marker\" xmlns:xlink=\"http:\/\/www.w3.org\/1999\/xlink\" aria-hidden=\"true\"><use href=\"#tf-far-map-marker\" xlink:href=\"#tf-far-map-marker\"><\/use><\/svg><\/em>\n\t\t\t\t\t\t\t\t\t\t\t\t\t\t<\/div>\n\t<\/div>\n<!-- \/module icon -->\n<!-- module text -->\n<div  class=\"module module-text tb_748x425   \" data-lazy=\"1\">\n        <div  class=\"tb_text_wrap\">\n        <p>Barcelona &#8211; 08030<\/p>    <\/div>\n<\/div>\n<!-- \/module text -->        <\/div>\n                    <div  data-lazy=\"1\" class=\"module_column tb-column col3-1 tb_6d11425\">\n                    <!-- module icon -->\n<div  class=\"module module-icon tb_54s7425  xlarge none icon_horizontal \" data-lazy=\"1\">\n\t\t\t<div class=\"module-icon-item\">\n\t\t\t\t\t\t\t\t\t\t\t\t\t\t\t\t<em class=\"tf_boxtb_default_color\"\n\t\t\t\t\t\t\t\t\t\t\t\t\t\t\t\t\t><svg  class=\"tf_fa tf-fas-mobile\" xmlns:xlink=\"http:\/\/www.w3.org\/1999\/xlink\" aria-hidden=\"true\"><use href=\"#tf-fas-mobile\" xlink:href=\"#tf-fas-mobile\"><\/use><\/svg><\/em>\n\t\t\t\t\t\t\t\t\t\t\t\t\t\t<\/div>\n\t<\/div>\n<!-- \/module icon -->\n<!-- module text -->\n<div  class=\"module module-text tb_xptj425   \" data-lazy=\"1\">\n        <div  class=\"tb_text_wrap\">\n        <p>673 736 611<br \/>(M\u00f2bil i Whatsapp)<\/p>    <\/div>\n<\/div>\n<!-- \/module text -->        <\/div>\n                    <div  data-lazy=\"1\" class=\"module_column tb-column col3-1 tb_3aee425 last\">\n                    <!-- module icon -->\n<div  class=\"module module-icon tb_h30h425  xlarge none icon_horizontal \" data-lazy=\"1\">\n\t\t\t<div class=\"module-icon-item\">\n\t\t\t\t\t\t\t\t\t\t\t\t\t\t\t\t<em class=\"tf_boxtb_default_color\"\n\t\t\t\t\t\t\t\t\t\t\t\t\t\t\t\t\t><svg  class=\"tf_fa tf-far-user\" xmlns:xlink=\"http:\/\/www.w3.org\/1999\/xlink\" aria-hidden=\"true\"><use href=\"#tf-far-user\" xlink:href=\"#tf-far-user\"><\/use><\/svg><\/em>\n\t\t\t\t\t\t\t\t\t\t\t\t\t\t<\/div>\n\t<\/div>\n<!-- \/module icon -->\n<!-- module text -->\n<div  class=\"module module-text tb_69qy425   \" data-lazy=\"1\">\n        <div  class=\"tb_text_wrap\">\n        <p>david@locutoronline.net<\/p>    <\/div>\n<\/div>\n<!-- \/module text -->        <\/div>\n                        <\/div>\n        <\/div>\n        <\/div>\n<!--\/themify_builder_content-->","protected":false},"excerpt":{"rendered":"<p>DAVID MORALES: LOCUTOR PROFESSIONAL<\/p>\n","protected":false},"author":1,"featured_media":0,"parent":0,"menu_order":1,"comment_status":"closed","ping_status":"closed","template":"","meta":{"footnotes":""},"class_list":["post-28","page","type-page","status-publish","hentry","has-post-title","has-post-date","has-post-category","has-post-tag","has-post-comment","has-post-author",""],"yoast_head":"<!-- This site is optimized with the Yoast SEO plugin v28.1 - https:\/\/yoast.com\/product\/yoast-seo-wordpress\/ -->\n<title>David Morales: locutor professional i veu en off<\/title>\n<meta name=\"description\" content=\"Locutor professional amb estudi propi: veu en off per a publicitat, v\u00eddeos i e-Learning. He gravat per a Netflix, Ariel o Audi. Lliurament en 24-48 h\" \/>\n<meta name=\"robots\" content=\"index, follow, max-snippet:-1, max-image-preview:large, max-video-preview:-1\" \/>\n<link rel=\"canonical\" href=\"https:\/\/locutoronline.net\/catala-locutor\/\" \/>\n<meta property=\"og:locale\" content=\"ca_ES\" \/>\n<meta property=\"og:type\" content=\"article\" \/>\n<meta property=\"og:title\" content=\"David Morales: locutor professional i veu en off\" \/>\n<meta property=\"og:description\" content=\"Locutor professional amb estudi propi: veu en off per a publicitat, v\u00eddeos i e-Learning. He gravat per a Netflix, Ariel o Audi. Lliurament en 24-48 h\" \/>\n<meta property=\"og:url\" content=\"https:\/\/locutoronline.net\/catala-locutor\/\" \/>\n<meta property=\"og:site_name\" content=\"DAVID MORALES MART\u00cdN\" \/>\n<meta property=\"article:publisher\" content=\"https:\/\/www.facebook.com\/davidmoralesvo\" \/>\n<meta property=\"article:modified_time\" content=\"2026-08-19T17:35:49+00:00\" \/>\n<meta property=\"og:image\" content=\"https:\/\/locutoronline.net\/catala-locutor\/wp-content\/uploads\/2025\/05\/OVAUSA24_Nominee-Badge_Oval-Badge-Dark-1-300x191.webp\" \/>\n<meta name=\"twitter:card\" content=\"summary_large_image\" \/>\n<meta name=\"twitter:site\" content=\"@davidmoralesvo\" \/>\n<meta name=\"twitter:label1\" content=\"Temps estimat de lectura\" \/>\n\t<meta name=\"twitter:data1\" content=\"28 minuts\" \/>\n<script type=\"application\/ld+json\" class=\"yoast-schema-graph\">{\"@context\":\"https:\\\/\\\/schema.org\",\"@graph\":[{\"@type\":\"WebPage\",\"@id\":\"https:\\\/\\\/locutoronline.net\\\/catala-locutor\\\/\",\"url\":\"https:\\\/\\\/locutoronline.net\\\/catala-locutor\\\/\",\"name\":\"David Morales: locutor professional i veu en off\",\"isPartOf\":{\"@id\":\"https:\\\/\\\/locutoronline.net\\\/catala-locutor\\\/#website\"},\"primaryImageOfPage\":{\"@id\":\"https:\\\/\\\/locutoronline.net\\\/catala-locutor\\\/#primaryimage\"},\"image\":{\"@id\":\"https:\\\/\\\/locutoronline.net\\\/catala-locutor\\\/#primaryimage\"},\"thumbnailUrl\":\"https:\\\/\\\/locutoronline.net\\\/catala-locutor\\\/wp-content\\\/uploads\\\/2025\\\/05\\\/OVAUSA24_Nominee-Badge_Oval-Badge-Dark-1-300x191.webp\",\"datePublished\":\"2023-05-07T13:03:41+00:00\",\"dateModified\":\"2026-08-19T17:35:49+00:00\",\"description\":\"Locutor professional amb estudi propi: veu en off per a publicitat, v\u00eddeos i e-Learning. He gravat per a Netflix, Ariel o Audi. Lliurament en 24-48 h\",\"breadcrumb\":{\"@id\":\"https:\\\/\\\/locutoronline.net\\\/catala-locutor\\\/#breadcrumb\"},\"inLanguage\":\"ca\",\"potentialAction\":[{\"@type\":\"ReadAction\",\"target\":[\"https:\\\/\\\/locutoronline.net\\\/catala-locutor\\\/\"]}]},{\"@type\":\"ImageObject\",\"inLanguage\":\"ca\",\"@id\":\"https:\\\/\\\/locutoronline.net\\\/catala-locutor\\\/#primaryimage\",\"url\":\"https:\\\/\\\/locutoronline.net\\\/catala-locutor\\\/wp-content\\\/uploads\\\/2025\\\/05\\\/OVAUSA24_Nominee-Badge_Oval-Badge-Dark-1-300x191.webp\",\"contentUrl\":\"https:\\\/\\\/locutoronline.net\\\/catala-locutor\\\/wp-content\\\/uploads\\\/2025\\\/05\\\/OVAUSA24_Nominee-Badge_Oval-Badge-Dark-1-300x191.webp\"},{\"@type\":\"BreadcrumbList\",\"@id\":\"https:\\\/\\\/locutoronline.net\\\/catala-locutor\\\/#breadcrumb\",\"itemListElement\":[{\"@type\":\"ListItem\",\"position\":1,\"name\":\"Inici\",\"item\":\"https:\\\/\\\/locutoronline.net\\\/catala-locutor\\\/\"},{\"@type\":\"ListItem\",\"position\":2,\"name\":\"Inici\"}]},{\"@type\":\"WebSite\",\"@id\":\"https:\\\/\\\/locutoronline.net\\\/catala-locutor\\\/#website\",\"url\":\"https:\\\/\\\/locutoronline.net\\\/catala-locutor\\\/\",\"name\":\"DAVID MORALES MART\u00cdN: Locutor\",\"description\":\"Locutor professional: catal\u00e0 i castell\u00e0\",\"publisher\":{\"@id\":\"https:\\\/\\\/locutoronline.net\\\/catala-locutor\\\/#\\\/schema\\\/person\\\/cbf368bdcf433c86ff48caea7ee6e5dd\"},\"potentialAction\":[{\"@type\":\"SearchAction\",\"target\":{\"@type\":\"EntryPoint\",\"urlTemplate\":\"https:\\\/\\\/locutoronline.net\\\/catala-locutor\\\/?s={search_term_string}\"},\"query-input\":{\"@type\":\"PropertyValueSpecification\",\"valueRequired\":true,\"valueName\":\"search_term_string\"}}],\"inLanguage\":\"ca\"},{\"@type\":[\"Person\",\"Organization\"],\"@id\":\"https:\\\/\\\/locutoronline.net\\\/catala-locutor\\\/#\\\/schema\\\/person\\\/cbf368bdcf433c86ff48caea7ee6e5dd\",\"name\":\"David Morales Mart\u00edn\",\"image\":{\"@type\":\"ImageObject\",\"inLanguage\":\"ca\",\"@id\":\"https:\\\/\\\/locutoronline.net\\\/catala-locutor\\\/wp-content\\\/uploads\\\/2026\\\/05\\\/IMG_banner_locutor_freelance.webp\",\"url\":\"https:\\\/\\\/locutoronline.net\\\/catala-locutor\\\/wp-content\\\/uploads\\\/2026\\\/05\\\/IMG_banner_locutor_freelance.webp\",\"contentUrl\":\"https:\\\/\\\/locutoronline.net\\\/catala-locutor\\\/wp-content\\\/uploads\\\/2026\\\/05\\\/IMG_banner_locutor_freelance.webp\",\"width\":1920,\"height\":1281,\"caption\":\"David Morales Mart\u00edn\"},\"logo\":{\"@id\":\"https:\\\/\\\/locutoronline.net\\\/catala-locutor\\\/wp-content\\\/uploads\\\/2026\\\/05\\\/IMG_banner_locutor_freelance.webp\"},\"description\":\"Locutor professional i actor de doblatge amb m\u00e9s de 20 anys d'experi\u00e8ncia i estudi de gravaci\u00f3 propi a Barcelona. Locucions en catal\u00e0 i castell\u00e0 per a publicitat, v\u00eddeos corporatius, e-Learning, audioguies i documentals. Tres nominacions als One Voice Awards 2024.\",\"sameAs\":[\"https:\\\/\\\/www.facebook.com\\\/davidmoralesvo\",\"https:\\\/\\\/www.instagram.com\\\/davidmoralesvo\\\/\",\"https:\\\/\\\/www.linkedin.com\\\/in\\\/davidmoralesvo\",\"https:\\\/\\\/x.com\\\/davidmoralesvo\"]}]}<\/script>\n<!-- \/ Yoast SEO plugin. -->","yoast_head_json":{"title":"David Morales: locutor professional i veu en off","description":"Locutor professional amb estudi propi: veu en off per a publicitat, v\u00eddeos i e-Learning. He gravat per a Netflix, Ariel o Audi. Lliurament en 24-48 h","robots":{"index":"index","follow":"follow","max-snippet":"max-snippet:-1","max-image-preview":"max-image-preview:large","max-video-preview":"max-video-preview:-1"},"canonical":"https:\/\/locutoronline.net\/catala-locutor\/","og_locale":"ca_ES","og_type":"article","og_title":"David Morales: locutor professional i veu en off","og_description":"Locutor professional amb estudi propi: veu en off per a publicitat, v\u00eddeos i e-Learning. He gravat per a Netflix, Ariel o Audi. Lliurament en 24-48 h","og_url":"https:\/\/locutoronline.net\/catala-locutor\/","og_site_name":"DAVID MORALES MART\u00cdN","article_publisher":"https:\/\/www.facebook.com\/davidmoralesvo","article_modified_time":"2026-08-19T17:35:49+00:00","og_image":[{"url":"https:\/\/locutoronline.net\/catala-locutor\/wp-content\/uploads\/2025\/05\/OVAUSA24_Nominee-Badge_Oval-Badge-Dark-1-300x191.webp","type":"","width":"","height":""}],"twitter_card":"summary_large_image","twitter_site":"@davidmoralesvo","twitter_misc":{"Temps estimat de lectura":"28 minuts"},"schema":{"@context":"https:\/\/schema.org","@graph":[{"@type":"WebPage","@id":"https:\/\/locutoronline.net\/catala-locutor\/","url":"https:\/\/locutoronline.net\/catala-locutor\/","name":"David Morales: locutor professional i veu en off","isPartOf":{"@id":"https:\/\/locutoronline.net\/catala-locutor\/#website"},"primaryImageOfPage":{"@id":"https:\/\/locutoronline.net\/catala-locutor\/#primaryimage"},"image":{"@id":"https:\/\/locutoronline.net\/catala-locutor\/#primaryimage"},"thumbnailUrl":"https:\/\/locutoronline.net\/catala-locutor\/wp-content\/uploads\/2025\/05\/OVAUSA24_Nominee-Badge_Oval-Badge-Dark-1-300x191.webp","datePublished":"2023-05-07T13:03:41+00:00","dateModified":"2026-08-19T17:35:49+00:00","description":"Locutor professional amb estudi propi: veu en off per a publicitat, v\u00eddeos i e-Learning. He gravat per a Netflix, Ariel o Audi. Lliurament en 24-48 h","breadcrumb":{"@id":"https:\/\/locutoronline.net\/catala-locutor\/#breadcrumb"},"inLanguage":"ca","potentialAction":[{"@type":"ReadAction","target":["https:\/\/locutoronline.net\/catala-locutor\/"]}]},{"@type":"ImageObject","inLanguage":"ca","@id":"https:\/\/locutoronline.net\/catala-locutor\/#primaryimage","url":"https:\/\/locutoronline.net\/catala-locutor\/wp-content\/uploads\/2025\/05\/OVAUSA24_Nominee-Badge_Oval-Badge-Dark-1-300x191.webp","contentUrl":"https:\/\/locutoronline.net\/catala-locutor\/wp-content\/uploads\/2025\/05\/OVAUSA24_Nominee-Badge_Oval-Badge-Dark-1-300x191.webp"},{"@type":"BreadcrumbList","@id":"https:\/\/locutoronline.net\/catala-locutor\/#breadcrumb","itemListElement":[{"@type":"ListItem","position":1,"name":"Inici","item":"https:\/\/locutoronline.net\/catala-locutor\/"},{"@type":"ListItem","position":2,"name":"Inici"}]},{"@type":"WebSite","@id":"https:\/\/locutoronline.net\/catala-locutor\/#website","url":"https:\/\/locutoronline.net\/catala-locutor\/","name":"DAVID MORALES MART\u00cdN: Locutor","description":"Locutor professional: catal\u00e0 i castell\u00e0","publisher":{"@id":"https:\/\/locutoronline.net\/catala-locutor\/#\/schema\/person\/cbf368bdcf433c86ff48caea7ee6e5dd"},"potentialAction":[{"@type":"SearchAction","target":{"@type":"EntryPoint","urlTemplate":"https:\/\/locutoronline.net\/catala-locutor\/?s={search_term_string}"},"query-input":{"@type":"PropertyValueSpecification","valueRequired":true,"valueName":"search_term_string"}}],"inLanguage":"ca"},{"@type":["Person","Organization"],"@id":"https:\/\/locutoronline.net\/catala-locutor\/#\/schema\/person\/cbf368bdcf433c86ff48caea7ee6e5dd","name":"David Morales Mart\u00edn","image":{"@type":"ImageObject","inLanguage":"ca","@id":"https:\/\/locutoronline.net\/catala-locutor\/wp-content\/uploads\/2026\/05\/IMG_banner_locutor_freelance.webp","url":"https:\/\/locutoronline.net\/catala-locutor\/wp-content\/uploads\/2026\/05\/IMG_banner_locutor_freelance.webp","contentUrl":"https:\/\/locutoronline.net\/catala-locutor\/wp-content\/uploads\/2026\/05\/IMG_banner_locutor_freelance.webp","width":1920,"height":1281,"caption":"David Morales Mart\u00edn"},"logo":{"@id":"https:\/\/locutoronline.net\/catala-locutor\/wp-content\/uploads\/2026\/05\/IMG_banner_locutor_freelance.webp"},"description":"Locutor professional i actor de doblatge amb m\u00e9s de 20 anys d'experi\u00e8ncia i estudi de gravaci\u00f3 propi a Barcelona. Locucions en catal\u00e0 i castell\u00e0 per a publicitat, v\u00eddeos corporatius, e-Learning, audioguies i documentals. Tres nominacions als One Voice Awards 2024.","sameAs":["https:\/\/www.facebook.com\/davidmoralesvo","https:\/\/www.instagram.com\/davidmoralesvo\/","https:\/\/www.linkedin.com\/in\/davidmoralesvo","https:\/\/x.com\/davidmoralesvo"]}]}},"builder_content":"<p style=\"margin:0;text-align:center\">DAVID MORALES: LOCUTOR PROFESSIONAL<\/p>\n<h6> Locucions professionals <br>per a publicitat <\/h6>\n<p>\u00a0<\/p> <h1 style=\"text-align: left;\">Locutor professional: la veu en catal\u00e0 i castell\u00e0 que dona vida als teus projectes<\/h1> <p style=\"text-align: left;\">Hola! Soc en David Morales Mart\u00edn, locutor professional amb una passi\u00f3: transformar les teves idees en missatges que emocionin. Des del meu estudi de gravaci\u00f3 professional, ofereixo veus en off en catal\u00e0 i castell\u00e0 per a publicitat, doblatge, e-Learning... i tot all\u00f2 que et pugui passar pel cap, o fins i tot all\u00f2 que ni tan sols podries imaginar! Per tant, els l\u00edmits els poses tu.\u00a0<\/p> <p style=\"text-align: left;\">El meu viatge en el m\u00f3n de la locuci\u00f3 va comen\u00e7ar quan, gaireb\u00e9 per casualitat, em van demanar que enregistr\u00e9s un missatge per a la megafonia d\u2019una cadena de comer\u00e7os. Per tant, una casualitat molt encertada. Des d\u2019aleshores, he treballat amb productores audiovisuals, ag\u00e8ncies de publicitat i empreses d\u2019arreu de Catalunya, de tot l'Estat espanyol i internacionals. Per\u00f2 sempre amb una premissa: entregar locucions professionals i de qualitat, amb rapidesa i un toc personal que les faci \u00faniques. En definitiva, ser professional.<\/p>\n<p>Escolta la meva Demo reel en catal\u00e0:<\/p> <p>[audio mp3=\"https:\/\/locutoronline.net\/catala-locutor\/wp-content\/uploads\/2025\/05\/DAVID_MORALES__Demo_reel_generic_CAT_96.mp3\"][\/audio]<\/p>\n<a href=\"https:\/\/locutoronline.net\/catala-locutor\/locutor-online\/\" > Escolta m\u00e9s demos de locutor professional catal\u00e0 <\/a>\n<p>Escolta la meva Demo reel en castell\u00e0:<\/p> <p>[audio mp3=\"https:\/\/locutoronline.net\/catala-locutor\/wp-content\/uploads\/2025\/05\/DAVID_MORALES__Demo_reel_generico_CAST_96.mp3\"][\/audio]<\/p>\n<a href=\"https:\/\/locutoronline.net\/catala-locutor\/locutor-online\/\" > Escolta m\u00e9s demos de locutor professional catal\u00e0 <\/a>\n<p>Mira un dels meus \u00faltims v\u00eddeos amb locuci\u00f3 en catal\u00e0:<\/p> <p>[video width=\"720\" height=\"480\" mp4=\"https:\/\/locutoronline.net\/catala-locutor\/wp-content\/uploads\/2026\/07\/Spot_Cremette.mp4\"][\/video]<\/p>\n<a href=\"https:\/\/locutoronline.net\/catala-locutor\/locutor-espanyol\/\" > Mira m\u00e9s mostres de locutor professional catal\u00e0 <\/a>\n<p>Mira un dels meus \u00faltims v\u00eddeos amb locuci\u00f3 en castell\u00e0:<\/p> <p>[video width=\"720\" height=\"480\" mp4=\"https:\/\/locutoronline.net\/catala-locutor\/wp-content\/uploads\/2025\/05\/Spot_Cast_Ariel_Manchas.mp4\"][\/video]<\/p>\n<a href=\"https:\/\/locutoronline.net\/catala-locutor\/locutor-espanyol\/\" > Mira m\u00e9s mostres de locutor professional castell\u00e0 <\/a>\n<p style=\"text-align: center;\"><img loading=\"lazy\" decoding=\"async\" src=\"https:\/\/locutoronline.net\/catala-locutor\/wp-content\/uploads\/2025\/05\/OVAUSA24_Nominee-Badge_Oval-Badge-Dark-1-300x191.webp\" alt=\"David Morales - Locutor professional catal\u00e0 i castell\u00e0 - Nominat One Voice Awards 2024\" width=\"300\" height=\"191\" srcset=\"https:\/\/locutoronline.net\/catala-locutor\/wp-content\/uploads\/2025\/05\/OVAUSA24_Nominee-Badge_Oval-Badge-Dark-1-300x191.webp 300w, https:\/\/locutoronline.net\/catala-locutor\/wp-content\/uploads\/2025\/05\/OVAUSA24_Nominee-Badge_Oval-Badge-Dark-1-1024x653.webp 1024w, https:\/\/locutoronline.net\/catala-locutor\/wp-content\/uploads\/2025\/05\/OVAUSA24_Nominee-Badge_Oval-Badge-Dark-1-768x490.webp 768w, https:\/\/locutoronline.net\/catala-locutor\/wp-content\/uploads\/2025\/05\/OVAUSA24_Nominee-Badge_Oval-Badge-Dark-1.webp 1402w\" sizes=\"auto, (max-width: 300px) 100vw, 300px\" \/><\/p> <h2 style=\"text-align: left;\">Serveis de locuci\u00f3 i veu en off que connecten amb la teva audi\u00e8ncia<\/h2> <p style=\"text-align: left;\">Necessites un locutor professional que destaqui? Els meus serveis estan pensats, entre d'altres, per a productores, ag\u00e8ncies i empreses que busquen qualitat i versatilitat. D'aquesta manera, perqu\u00e8 et facis una idea d'alguns serveis que ofereixo:<\/p> <ul> <li style=\"text-align: left;\"><strong>Publicitat<\/strong>: per exemple, des de la cl\u00e0ssica veu dels anuncis a la tele o la r\u00e0dio, fins a aquell estil m\u00e9s actual de \u201cque no soni a locutor\u201d per a xarxes socials i la publicitat d\u2019avui dia.<\/li> <li style=\"text-align: left;\"><strong>Doblatge<\/strong>: personatges aut\u00e8ntics per a pel\u00b7l\u00edcules, s\u00e8ries o videojocs.<\/li> <li style=\"text-align: left;\"><strong>e-Learning i corporatius<\/strong>: narracions clares per a formaci\u00f3 i v\u00eddeos empresarials...<\/li> <\/ul> <p style=\"text-align: left;\"><strong>\u00a1I molt m\u00e9s!<\/strong><\/p> <h2 style=\"text-align: left;\">Veu humana Vs IA?<\/h2> <p>S\u00ed. Ho s\u00e9. Tothom parla avui dia de la IA, de les veus artificials, de les veus generades amb intel\u00b7lig\u00e8ncia artificial\u2026<\/p> <p>Per\u00f2 la ci\u00e8ncia t\u00e9 alguna cosa a dir. El Media Psychology Lab de la Universitat Pompeu Fabra, liderat per la investigadora Emma Rodero, va comparar mitjan\u00e7ant an\u00e0lisis neurocient\u00edfiques l'impacte de les veus humanes i les sint\u00e8tiques en un estudi publicat a la revista New Media &amp; Society. El resultat? Les veus humanes capten m\u00e9s l'atenci\u00f3 dels oients i generen un impacte emocional significativament m\u00e9s gran en el sistema nervi\u00f3s. Amb una veu humana recordem millor els continguts i creem m\u00e9s imatges mentals. Les veus sint\u00e8tiques, en canvi, generen rebuig en l'usuari. \u00c9s el que Rodero anomena l'\"efecte d'intimitat emocional humana\": una veu humana connecta amb el cervell emocional; una veu artificial, no.<\/p> <p>En conclusi\u00f3: les veus d'IA no ens fan el pes.<\/p> <p>Per tant, qu\u00e8 et puc dir? S\u00f3c un locutor professional, hum\u00e0, i des del meu estudi de gravaci\u00f3 equipat amb tecnologia d'alta gamma \u2014i amb els recursos que donen m\u00e9s de 20 anys d'experi\u00e8ncia\u2014 puc fer que el teu projecte passi d'un \"B\u00e9\u2026 est\u00e0 b\u00e9\u2026\" a un \"Uau!\".<\/p> <p>Per \u00faltim, dir-te que el meu proc\u00e9s \u00e9s \u00e0gil: m'expliques el teu projecte, gravo la veu en off i la reps llesta per fer servir en 24-48 hores\u2026 F\u00e0cil, no?<\/p>\n<h2>Com puc ajudar-te?<\/h2> <p>T'ofereixo una \u00e0mplia experi\u00e8ncia treballant com a locutor professional, tant en catal\u00e0 com en castell\u00e0.<\/p>\n<i>Estudi de gravaci\u00f3 insonoritzat<\/i> <i>Equipament de qualitat professional<\/i> <i>Sessions dirigides en remot<\/i> <i>Gravacions express: 24\/48 hores<\/i> <i>De la idea al producte acabat<\/i>\n<h6>\u00a0<\/h6>\n<svg> <circle r=\"calc(50% - 1.00px)\" cx=\"50%\" cy=\"50%\" stroke-width=\"2\"\/> <circle r=\"calc(50% - 1.00px)\" cx=\"50%\" cy=\"50%\" stroke=\"#23c3d1\" stroke-width=\"2\" data-progress=\"100\" stroke-dasharray=\"0,10000\"\/> <\/svg> <em style=\"color:#000\"><svg xmlns:xlink=\"http:\/\/www.w3.org\/1999\/xlink\" aria-hidden=\"true\"><use href=\"#tf-ti-microphone\" xlink:href=\"#tf-ti-microphone\"><\/use><\/svg><\/em> \n <h3> Publicitat <\/h3> <p><a href=\"https:\/\/locutoronline.net\/catala-locutor\/locutor-per-a-publicitat\/\">Publi<\/a> en <a href=\"https:\/\/locutoronline.net\/catala-locutor\/locutor-spots-de-televisio\/\">Spots de TV<\/a> i <a href=\"https:\/\/locutoronline.net\/catala-locutor\/falques-de-radio\/\">falques de R\u00e0dio<\/a>. Nacional, regional, local o per a <a href=\"https:\/\/locutoronline.net\/catala-locutor\/anuncis-de-internet\/\">Internet<\/a>.\u00a0<\/p>\n<svg> <circle r=\"calc(50% - 1.00px)\" cx=\"50%\" cy=\"50%\" stroke-width=\"2\"\/> <circle r=\"calc(50% - 1.00px)\" cx=\"50%\" cy=\"50%\" stroke=\"#23c3d1\" stroke-width=\"2\" data-progress=\"100\" stroke-dasharray=\"0,10000\"\/> <\/svg> <em style=\"color:#000\"><svg xmlns:xlink=\"http:\/\/www.w3.org\/1999\/xlink\" aria-hidden=\"true\"><use href=\"#tf-ti-blackboard\" xlink:href=\"#tf-ti-blackboard\"><\/use><\/svg><\/em> \n <h3> e-Learning <\/h3> <p>T'ofereixo una veu humana professional, propera. He enregistrat locucions en catal\u00e0 i castell\u00e0 per a m\u00e9s de 400 projectes de <a href=\"https:\/\/locutoronline.net\/catala-locutor\/locutor-per-a-elearning\/\">formaci\u00f3 online<\/a>.<\/p>\n<svg> <circle r=\"calc(50% - 1.00px)\" cx=\"50%\" cy=\"50%\" stroke-width=\"2\"\/> <circle r=\"calc(50% - 1.00px)\" cx=\"50%\" cy=\"50%\" stroke=\"#23c3d1\" stroke-width=\"2\" data-progress=\"100\" stroke-dasharray=\"0,10000\"\/> <\/svg> <em style=\"color:#000\"><svg xmlns:xlink=\"http:\/\/www.w3.org\/1999\/xlink\" aria-hidden=\"true\"><use href=\"#tf-ti-video-clapper\" xlink:href=\"#tf-ti-video-clapper\"><\/use><\/svg><\/em> \n <h3> Doblatge i Voice Over <\/h3> <p>Com a <a href=\"https:\/\/locutoronline.net\/catala-locutor\/doblatge-i-voice-over\/\">narrador o personatges<\/a>. Puc interpretar els diferents rols i adaptar-me a les necessitats del projecte.<\/p>\n<svg> <circle r=\"calc(50% - 1.00px)\" cx=\"50%\" cy=\"50%\" stroke-width=\"2\"\/> <circle r=\"calc(50% - 1.00px)\" cx=\"50%\" cy=\"50%\" stroke=\"#23c3d1\" stroke-width=\"2\" data-progress=\"100\" stroke-dasharray=\"0,10000\"\/> <\/svg> <em style=\"color:#000\"><svg xmlns:xlink=\"http:\/\/www.w3.org\/1999\/xlink\" aria-hidden=\"true\"><use href=\"#tf-ti-video-camera\" xlink:href=\"#tf-ti-video-camera\"><\/use><\/svg><\/em> \n <h3> V\u00eddeos <\/h3> <p><a href=\"https:\/\/locutoronline.net\/catala-locutor\/locutor-per-a-videos-corporatius\/\">Interns, corporatius<\/a>, <a href=\"https:\/\/locutoronline.net\/catala-locutor\/videos-explicatius\/\">explicatius<\/a>, per a <a href=\"https:\/\/locutoronline.net\/catala-locutor\/creador-de-veu-per-a-videos\/\">xarxes socials com Youtube, TikTok, Facebook o Instagram<\/a>... la meva veu s'adapta a cada format.\u00a0<\/p>\n<svg> <circle r=\"calc(50% - 1.00px)\" cx=\"50%\" cy=\"50%\" stroke-width=\"2\"\/> <circle r=\"calc(50% - 1.00px)\" cx=\"50%\" cy=\"50%\" stroke=\"#23c3d1\" stroke-width=\"2\" data-progress=\"100\" stroke-dasharray=\"0,10000\"\/> <\/svg> <em style=\"color:#000\"><svg xmlns:xlink=\"http:\/\/www.w3.org\/1999\/xlink\" aria-hidden=\"true\"><use href=\"#tf-ti-headphone\" xlink:href=\"#tf-ti-headphone\"><\/use><\/svg><\/em> \n <h3> Audioguia <\/h3> <p>Una veu humana real, amable, que <a href=\"https:\/\/locutoronline.net\/catala-locutor\/locutor-de-audioguies\/\">guia els visitants<\/a> per les teves instal\u00b7lacions i els explica a cau d'orella hist\u00f2ries incre\u00efbles.<\/p>\n<svg> <circle r=\"calc(50% - 1.00px)\" cx=\"50%\" cy=\"50%\" stroke-width=\"2\"\/> <circle r=\"calc(50% - 1.00px)\" cx=\"50%\" cy=\"50%\" stroke=\"#23c3d1\" stroke-width=\"2\" data-progress=\"100\" stroke-dasharray=\"0,10000\"\/> <\/svg> <em style=\"color:#000\"><svg xmlns:xlink=\"http:\/\/www.w3.org\/1999\/xlink\" aria-hidden=\"true\"><use href=\"#tf-ti-book\" xlink:href=\"#tf-ti-book\"><\/use><\/svg><\/em> \n <h3> Audiollibre <\/h3> <p>He posat veu a <a href=\"https:\/\/locutoronline.net\/catala-locutor\/narrador-de-audiollibres\/\">audiollibres<\/a> de diferents editorials i plataformes especialitzades. Novel\u00b7la, t\u00e8cnic o assaig.<\/p>\n<svg> <circle r=\"calc(50% - 1.00px)\" cx=\"50%\" cy=\"50%\" stroke-width=\"2\"\/> <circle r=\"calc(50% - 1.00px)\" cx=\"50%\" cy=\"50%\" stroke=\"#23c3d1\" stroke-width=\"2\" data-progress=\"100\" stroke-dasharray=\"0,10000\"\/> <\/svg> <em style=\"color:#000\"><svg xmlns:xlink=\"http:\/\/www.w3.org\/1999\/xlink\" aria-hidden=\"true\"><use href=\"#tf-ti-mobile\" xlink:href=\"#tf-ti-mobile\"><\/use><\/svg><\/em> \n <h3> Centraletes <\/h3> <p>Ofereix una imatge professional de l'empresa amb una veu corporativa humana real pels missatges en catal\u00e0, castell\u00e0, o angl\u00e8s de la teva <a href=\"https:\/\/locutoronline.net\/catala-locutor\/locutor-per-a-centraleta\/\">centraleta telef\u00f2nica<\/a>.<\/p>\n<svg> <circle r=\"calc(50% - 1.00px)\" cx=\"50%\" cy=\"50%\" stroke-width=\"2\"\/> <circle r=\"calc(50% - 1.00px)\" cx=\"50%\" cy=\"50%\" stroke=\"#23c3d1\" stroke-width=\"2\" data-progress=\"100\" stroke-dasharray=\"0,10000\"\/> <\/svg> <em style=\"color:#000\"><svg xmlns:xlink=\"http:\/\/www.w3.org\/1999\/xlink\" aria-hidden=\"true\"><use href=\"#tf-ti-announcement\" xlink:href=\"#tf-ti-announcement\"><\/use><\/svg><\/em> \n <h3> Megafonies <\/h3> <p><a href=\"https:\/\/locutoronline.net\/catala-locutor\/locutor-per-a-megafonia\/\">Locucions comercials en catal\u00e0 o castell\u00e0 per a establiments<\/a>; veu institucional per a esdeveniments, o per a presentacions en p\u00fablic.<\/p>\n<svg> <circle r=\"calc(50% - 1.00px)\" cx=\"50%\" cy=\"50%\" stroke-width=\"2\"\/> <circle r=\"calc(50% - 1.00px)\" cx=\"50%\" cy=\"50%\" stroke=\"#23c3d1\" stroke-width=\"2\" data-progress=\"100\" stroke-dasharray=\"0,10000\"\/> <\/svg> <em style=\"color:#000\"><svg xmlns:xlink=\"http:\/\/www.w3.org\/1999\/xlink\" aria-hidden=\"true\"><use href=\"#tf-ti-game\" xlink:href=\"#tf-ti-game\"><\/use><\/svg><\/em> \n <h3> APPs i multim\u00e8dia <\/h3> <p>Puc ser la veu per als teus videojocs, apps i diferents tipus de productes multim\u00e8dia. Contacta amb mi i podem parlar de les necessitats del teu projecte.<\/p>\n<svg> <circle r=\"calc(50% - 1.00px)\" cx=\"50%\" cy=\"50%\" stroke-width=\"2\"\/> <circle r=\"calc(50% - 1.00px)\" cx=\"50%\" cy=\"50%\" stroke=\"#23c3d1\" stroke-width=\"2\" data-progress=\"100\" stroke-dasharray=\"0,10000\"\/> <\/svg> <em style=\"color:#000\"><svg xmlns:xlink=\"http:\/\/www.w3.org\/1999\/xlink\" aria-hidden=\"true\"><use href=\"#tf-ti-microphone-alt\" xlink:href=\"#tf-ti-microphone-alt\"><\/use><\/svg><\/em> \n <h3> P\u00f2dcast <\/h3> <p>El servei d'\u00e0udio de moda. T'ofereixo des de la idea, fins al <a href=\"https:\/\/locutoronline.net\/catala-locutor\/creacio-de-podcast\/\">p\u00f2dcast<\/a> acabat, passant pel gui\u00f3 i les entrevistes, la gravaci\u00f3, l'edici\u00f3 i el muntatge.\u00a0<\/p>\n<h2>Flux de treball:<\/h2>\n<svg> <circle r=\"calc(50% - 1.00px)\" cx=\"50%\" cy=\"50%\" stroke-width=\"2\"\/> <circle r=\"calc(50% - 1.00px)\" cx=\"50%\" cy=\"50%\" stroke=\"#23c3d1\" stroke-width=\"2\" data-progress=\"100\" stroke-dasharray=\"0,10000\"\/> <\/svg> <em style=\"color:#000\"><svg xmlns:xlink=\"http:\/\/www.w3.org\/1999\/xlink\" aria-hidden=\"true\"><use href=\"#tf-ti-email\" xlink:href=\"#tf-ti-email\"><\/use><\/svg><\/em> \n <p>Envia'm el teu gui\u00f3<\/p>\n<svg> <circle r=\"calc(50% - 1.00px)\" cx=\"50%\" cy=\"50%\" stroke-width=\"2\"\/> <circle r=\"calc(50% - 1.00px)\" cx=\"50%\" cy=\"50%\" stroke=\"#23c3d1\" stroke-width=\"2\" data-progress=\"100\" stroke-dasharray=\"0,10000\"\/> <\/svg> <em style=\"color:#000\"><svg xmlns:xlink=\"http:\/\/www.w3.org\/1999\/xlink\" aria-hidden=\"true\"><use href=\"#tf-ti-money\" xlink:href=\"#tf-ti-money\"><\/use><\/svg><\/em> \n <p>T'envio el pressupost<\/p>\n<svg> <circle r=\"calc(50% - 1.00px)\" cx=\"50%\" cy=\"50%\" stroke-width=\"2\"\/> <circle r=\"calc(50% - 1.00px)\" cx=\"50%\" cy=\"50%\" stroke=\"#23c3d1\" stroke-width=\"2\" data-progress=\"100\" stroke-dasharray=\"0,10000\"\/> <\/svg> <em style=\"color:#000\"><svg xmlns:xlink=\"http:\/\/www.w3.org\/1999\/xlink\" aria-hidden=\"true\"><use href=\"#tf-ti-microphone\" xlink:href=\"#tf-ti-microphone\"><\/use><\/svg><\/em> \n <p>OK! Comencem a gravar!<\/p>\n<h3 style=\"text-align: left;\">Clients que aposten per un locutor professional<\/h3> <p style=\"text-align: left;\">Al llarg de la meva traject\u00f2ria laboral, he treballat com a locutor professional en catal\u00e0 i castell\u00e0 (i fins i tot en alguna ocasi\u00f3 tamb\u00e9 en angl\u00e8s) per a clients nacionals i internacionals de tot tipus de sectors, i amb projectes molt variats. Per tant, s\u00f3n centenars de microempreses, empreses mitjanes i grans empreses. Per\u00f2 en tots els projectes hi he posat el mateix afecte i cura. Per exemple, aqu\u00ed hi pots veure algunes mostres de companyies per a les quals he desenvolupat projectes.<\/p>\n<img src=\"https:\/\/locutoronline.net\/catala-locutor\/wp-content\/uploads\/2026\/05\/0_amazon_logo.webp\" title=\"Inici\" alt=\"Inici\">\n<img src=\"https:\/\/locutoronline.net\/catala-locutor\/wp-content\/uploads\/2026\/05\/0_netflix_logo.webp\" title=\"Inici\" alt=\"Inici\">\n<img src=\"https:\/\/locutoronline.net\/catala-locutor\/wp-content\/uploads\/2026\/05\/0_audi_logo.webp\" title=\"Inici\" alt=\"Inici\">\n<img src=\"https:\/\/locutoronline.net\/catala-locutor\/wp-content\/uploads\/2026\/05\/0_spotify_logo.webp\" title=\"Inici\" alt=\"Inici\">\n<img src=\"https:\/\/locutoronline.net\/catala-locutor\/wp-content\/uploads\/2026\/05\/0_fujifilm_logo.webp\" title=\"Inici\" alt=\"Inici\">\n<img src=\"https:\/\/locutoronline.net\/catala-locutor\/wp-content\/uploads\/2026\/05\/0_lenovo_logo.webp\" title=\"Inici\" alt=\"Inici\">\n<img src=\"https:\/\/locutoronline.net\/catala-locutor\/wp-content\/uploads\/2026\/05\/0_lavazza_logo.webp\" title=\"Inici\" alt=\"Inici\">\n<img src=\"https:\/\/locutoronline.net\/catala-locutor\/wp-content\/uploads\/2026\/05\/0_finish_logo.webp\" title=\"Inici\" alt=\"Inici\">\n<img src=\"https:\/\/locutoronline.net\/catala-locutor\/wp-content\/uploads\/2026\/05\/0_fnac_logo.webp\" title=\"Inici\" alt=\"Inici\">\n<img src=\"https:\/\/locutoronline.net\/catala-locutor\/wp-content\/uploads\/2026\/05\/0_mazda_logo.webp\" title=\"Inici\" alt=\"Inici\">\n<img src=\"https:\/\/locutoronline.net\/catala-locutor\/wp-content\/uploads\/2026\/05\/0_caixabank_logo.webp\" title=\"Inici\" alt=\"Inici\">\n<img src=\"https:\/\/locutoronline.net\/catala-locutor\/wp-content\/uploads\/2026\/05\/0_renfe_logo.webp\" title=\"Inici\" alt=\"Inici\">\n<img src=\"https:\/\/locutoronline.net\/catala-locutor\/wp-content\/uploads\/2026\/05\/0_burger_king_logo.webp\" title=\"Inici\" alt=\"Inici\">\n<img src=\"https:\/\/locutoronline.net\/catala-locutor\/wp-content\/uploads\/2026\/05\/0_panasonic_logo.webp\" title=\"Inici\" alt=\"Inici\">\n<img src=\"https:\/\/locutoronline.net\/catala-locutor\/wp-content\/uploads\/2026\/05\/0_ariel_logo.webp\" title=\"Inici\" alt=\"Inici\">\n<img src=\"https:\/\/locutoronline.net\/catala-locutor\/wp-content\/uploads\/2026\/05\/0_carolina_herrera_logo.webp\" title=\"Inici\" alt=\"Inici\">\n<img src=\"https:\/\/locutoronline.net\/catala-locutor\/wp-content\/uploads\/2026\/05\/0_rabanne_logo.webp\" title=\"Inici\" alt=\"Inici\">\n<img src=\"https:\/\/locutoronline.net\/catala-locutor\/wp-content\/uploads\/2026\/05\/0_clarks_logo.webp\" title=\"Inici\" alt=\"Inici\">\n<img src=\"https:\/\/locutoronline.net\/catala-locutor\/wp-content\/uploads\/2026\/05\/0_leroy_merlin_logo.webp\" title=\"Inici\" alt=\"Inici\">\n<img src=\"https:\/\/locutoronline.net\/catala-locutor\/wp-content\/uploads\/2026\/05\/0_makro_logo.webp\" title=\"Inici\" alt=\"Inici\">\n<img src=\"https:\/\/locutoronline.net\/catala-locutor\/wp-content\/uploads\/2026\/05\/0_baileys_logo.webp\" title=\"Inici\" alt=\"Inici\">\n<img src=\"https:\/\/locutoronline.net\/catala-locutor\/wp-content\/uploads\/2026\/05\/0_basf_logo.webp\" title=\"Inici\" alt=\"Inici\">\n<img src=\"https:\/\/locutoronline.net\/catala-locutor\/wp-content\/uploads\/2026\/05\/0_compeed_logo.webp\" title=\"Inici\" alt=\"Inici\">\n<img src=\"https:\/\/locutoronline.net\/catala-locutor\/wp-content\/uploads\/2026\/05\/0_dia_logo.webp\" title=\"Inici\" alt=\"Inici\">\n<img src=\"https:\/\/locutoronline.net\/catala-locutor\/wp-content\/uploads\/2026\/05\/0_storytel_logo.webp\" title=\"Inici\" alt=\"Inici\">\n<img src=\"https:\/\/locutoronline.net\/catala-locutor\/wp-content\/uploads\/2026\/05\/0_verti_logo.webp\" title=\"Inici\" alt=\"Inici\">\n<img src=\"https:\/\/locutoronline.net\/catala-locutor\/wp-content\/uploads\/2026\/05\/0_zespri_logo.webp\" title=\"Inici\" alt=\"Inici\">\n<img src=\"https:\/\/locutoronline.net\/catala-locutor\/wp-content\/uploads\/2026\/05\/0_glassdrive_logo.webp\" title=\"Inici\" alt=\"Inici\">\n<img src=\"https:\/\/locutoronline.net\/catala-locutor\/wp-content\/uploads\/2026\/05\/0_rodi_motor_logo.webp\" title=\"Inici\" alt=\"Inici\">\n<img src=\"https:\/\/locutoronline.net\/catala-locutor\/wp-content\/uploads\/2026\/05\/0_soundcloud_logo.webp\" title=\"Inici\" alt=\"Inici\">\n<p style=\"text-align: left;\">Saps per qu\u00e8 molts dels meus clients s\u00f3n gaireb\u00e9 com una extensi\u00f3 de la meva fam\u00edlia? Perqu\u00e8 en m\u00e9s de 20 anys com a locutor professional amb estudi propi he teixit una xarxa de contactes fiables. I en els temps que corren, en qu\u00e8 la Intel\u00b7lig\u00e8ncia Artificial (IA) amena\u00e7a de despersonalitzar-ho tot, els meus clients aposten per la humanitat, per una veu humana real, per un locutor professional que sigui capa\u00e7 d'expressar emocions i d'arrencar sentiments.<\/p>\n<h2 style=\"text-align: left;\">Quant fa que treballo com a locutor professional?<\/h2> <p style=\"text-align: left;\">Vaig gravar la meva primera locuci\u00f3 comercial el 2003. El 2008 vaig fer el salt: vaig muntar el meu propi estudi de gravaci\u00f3 i vaig comen\u00e7ar a oferir servei freelance online. M\u00e9s de dues d\u00e8cades de micr\u00f2fon despr\u00e9s, continuo gravant cada projecte com si fos el primer.<\/p>\n<a href=\"https:\/\/locutoronline.net\/catala-locutor\/actor-de-doblatge\/\" > Saber-ne m\u00e9s <\/a>\n<img src=\"https:\/\/locutoronline.net\/catala-locutor\/wp-content\/uploads\/2026\/07\/Estudio_nuevo.webp\" width=\"789\" height=\"453\" title=\"Estudio_nuevo\" alt=\"David Morales - Locutor Professional en catal\u00e0 i castell\u00e0 - Sala d&#039;edici\u00f3\">\n<h3 style=\"text-align: center;\">Vols saber-ne m\u00e9s?<\/h3>\n<a href=\"https:\/\/locutoronline.net\/catala-locutor\/locutor-amb-estudi-propi\/\" > ESTUDI <\/a> <a href=\"https:\/\/locutoronline.net\/catala-locutor\/locutor-barat\/\" > TARIFES <\/a> <a href=\"https:\/\/locutoronline.net\/catala-locutor\/locutor-catala\/\" > LOCUTOR CATAL\u00c0 <\/a>\n<h2 style=\"text-align: center;\">Fes brillar el teu projecte amb un locutor professional<\/h2> <p style=\"text-align: center;\">Preparat per posar veu a les teves idees? <a href=\"https:\/\/locutoronline.net\/catala-locutor\/contractar-locutor\/\">Contacta amb mi ara<\/a>! Junts, farem que el teu missatge destaqui a tot Catalunya, Espanya... I m\u00e9s enll\u00e0!<\/p>\n<h3>FAQ<\/h3><ul><li><h4>Quant costa contractar un locutor professional?<\/h4><p>Dep\u00e8n de l'\u00fas i la durada: no costa el mateix una falca de r\u00e0dio estatal que un v\u00eddeo intern. Envia'm el teu text i rebr\u00e0s un pressupost clar i a mida en menys de 24 hores, sense comprom\u00eds.<\/p><\/li><li><h4>En quin termini lliures una locuci\u00f3?<\/h4><p>Rebr\u00e0s el teu \u00e0udio editat i llest per fer servir en 24-48 hores des de l'aprovaci\u00f3 del pressupost. Per a projectes urgents, consulta'm: si puc, el gravem avui.<\/p><\/li><li><h4>Puc dirigir la sessi\u00f3 de gravaci\u00f3 en directe?<\/h4><p>S\u00ed. Pots connectar-te a la sessi\u00f3 des d'on siguis i dirigir-me en temps real, com si fossis al meu estudi. Tamb\u00e9 puc gravar en autodirecci\u00f3 i enviar-te diverses preses.<\/p><\/li><li><h4>Graves en castell\u00e0 a m\u00e9s de en catal\u00e0?<\/h4><p>S\u00ed, soc locutor nadiu biling\u00fce: gravo en catal\u00e0 i castell\u00e0 amb la mateixa naturalitat. Per tant, una sola veu per a les dues versions del teu projecte.<\/p><\/li><li><h4>Per qu\u00e8 triar una veu humana en lloc d'una veu d'IA?<\/h4><p>Perqu\u00e8 una veu humana interpreta: ent\u00e9n la intenci\u00f3, la ironia i l'emoci\u00f3 del teu text. La IA llegeix; un locutor comunica. I la teva marca mereix sonar cre\u00efble.<\/p><\/li><\/ul>\n<p>Dep\u00e8n de l'\u00fas i la durada: no costa el mateix una falca de r\u00e0dio estatal que un v\u00eddeo intern. Envia'm el teu text i rebr\u00e0s un pressupost clar i a mida en menys de 24 hores, sense comprom\u00eds.<\/p>\n<p>Rebr\u00e0s el teu \u00e0udio editat i llest per fer servir en 24-48 hores des de l'aprovaci\u00f3 del pressupost. Per a projectes urgents, consulta'm: si puc, el gravem avui.<\/p>\n<p>S\u00ed. Pots connectar-te a la sessi\u00f3 des d'on siguis i dirigir-me en temps real, com si fossis al meu estudi. Tamb\u00e9 puc gravar en autodirecci\u00f3 i enviar-te diverses preses.<\/p>\n<p>S\u00ed, soc locutor nadiu biling\u00fce: gravo en catal\u00e0 i castell\u00e0 amb la mateixa naturalitat. Per tant, una sola veu per a les dues versions del teu projecte.<\/p>\n<p>Perqu\u00e8 una veu humana interpreta: ent\u00e9n la intenci\u00f3, la ironia i l'emoci\u00f3 del teu text. La IA llegeix; un locutor comunica. I la teva marca mereix sonar cre\u00efble.<\/p>\n<p><\/p>\n<em ><svg xmlns:xlink=\"http:\/\/www.w3.org\/1999\/xlink\" aria-hidden=\"true\"><use href=\"#tf-far-map-marker\" xlink:href=\"#tf-far-map-marker\"><\/use><\/svg><\/em>\n<p>Barcelona - 08030<\/p>\n<em ><svg xmlns:xlink=\"http:\/\/www.w3.org\/1999\/xlink\" aria-hidden=\"true\"><use href=\"#tf-fas-mobile\" xlink:href=\"#tf-fas-mobile\"><\/use><\/svg><\/em>\n<p>673 736 611<br \/>(M\u00f2bil i Whatsapp)<\/p>\n<em ><svg xmlns:xlink=\"http:\/\/www.w3.org\/1999\/xlink\" aria-hidden=\"true\"><use href=\"#tf-far-user\" xlink:href=\"#tf-far-user\"><\/use><\/svg><\/em>\n<p>david@locutoronline.net<\/p>","_links":{"self":[{"href":"https:\/\/locutoronline.net\/catala-locutor\/wp-json\/wp\/v2\/pages\/28","targetHints":{"allow":["GET"]}}],"collection":[{"href":"https:\/\/locutoronline.net\/catala-locutor\/wp-json\/wp\/v2\/pages"}],"about":[{"href":"https:\/\/locutoronline.net\/catala-locutor\/wp-json\/wp\/v2\/types\/page"}],"author":[{"embeddable":true,"href":"https:\/\/locutoronline.net\/catala-locutor\/wp-json\/wp\/v2\/users\/1"}],"replies":[{"embeddable":true,"href":"https:\/\/locutoronline.net\/catala-locutor\/wp-json\/wp\/v2\/comments?post=28"}],"version-history":[{"count":259,"href":"https:\/\/locutoronline.net\/catala-locutor\/wp-json\/wp\/v2\/pages\/28\/revisions"}],"predecessor-version":[{"id":910766,"href":"https:\/\/locutoronline.net\/catala-locutor\/wp-json\/wp\/v2\/pages\/28\/revisions\/910766"}],"wp:attachment":[{"href":"https:\/\/locutoronline.net\/catala-locutor\/wp-json\/wp\/v2\/media?parent=28"}],"curies":[{"name":"wp","href":"https:\/\/api.w.org\/{rel}","templated":true}]}}